{"id":4664,"date":"2026-07-23T09:32:19","date_gmt":"2026-07-23T07:32:19","guid":{"rendered":"https:\/\/www.mallorca-design-villa.de\/?page_id=4664"},"modified":"2026-07-24T15:51:37","modified_gmt":"2026-07-24T13:51:37","slug":"inicio","status":"publish","type":"page","link":"https:\/\/www.mallorca-design-villa.de\/es\/","title":{"rendered":"Inicio"},"content":{"rendered":"<p><div class=\"fusion-bg-parallax\" data-bg-align=\"left top\" data-direction=\"down\" data-mute=\"false\" data-opacity=\"100\" data-velocity=\"-0.3\" data-mobile-enabled=\"false\" data-break_parents=\"0\" data-bg-image=\"https:\/\/www.mallorca-design-villa.de\/wp-content\/uploads\/2020\/03\/hintergrund_mallorca-design-villa.jpg\" data-bg-repeat=\"false\" data-bg-color=\"#030303\" data-bg-gradient-type=\"linear\" data-bg-gradient-angle=\"180\" data-bg-gradient-start-color=\"rgba(0,0,0,0.95)\" data-bg-gradient-start-position=\"0\" data-bg-gradient-end-color=\"rgba(255,255,255,0)\" data-bg-gradient-end-position=\"50\" data-bg-radial-direction=\"center center\" ><\/div><div class=\"fusion-fullwidth fullwidth-box fusion-builder-row-1 fusion-parallax-down nonhundred-percent-fullwidth non-hundred-percent-height-scrolling\" style=\"--awb-background-position:left top;--awb-border-radius-top-left:0px;--awb-border-radius-top-right:0px;--awb-border-radius-bottom-right:0px;--awb-border-radius-bottom-left:0px;--awb-padding-top:10%;--awb-padding-right:5%;--awb-padding-bottom:0%;--awb-padding-left:5%;--awb-margin-bottom:0%;--awb-background-color:#030303;--awb-background-image:linear-gradient(180deg, rgba(0,0,0,0.95) 0%,rgba(255,255,255,0) 50%),url(https:\/\/www.mallorca-design-villa.de\/wp-content\/uploads\/2020\/03\/hintergrund_mallorca-design-villa.jpg);;--awb-background-size:cover;--awb-flex-wrap:wrap;\" ><div class=\"fusion-builder-row fusion-row\"><div class=\"fusion-layout-column fusion_builder_column fusion-builder-column-0 fusion_builder_column_1_2 1_2 fusion-one-half fusion-column-first\" style=\"--awb-padding-top:12%;--awb-padding-right:12%;--awb-padding-bottom:8%;--awb-padding-left:12%;--awb-bg-color:#030303;--awb-bg-color-hover:#030303;--awb-bg-size:cover;--awb-margin-bottom:11%;width:50%;width:calc(50% - ( ( 4% ) * 0.5 ) );margin-right: 4%;\"><div class=\"fusion-column-wrapper fusion-column-has-shadow fusion-flex-column-wrapper-legacy\"><div class=\"fusion-builder-row fusion-builder-row-inner fusion-row\"><div class=\"fusion-layout-column fusion_builder_column_inner fusion-builder-nested-column-0 fusion_builder_column_inner_1_6 1_6 fusion-one-sixth fusion-column-first fusion-animated\" style=\"--awb-padding-right:35%;--awb-bg-size:cover;width:16.666666666667%;width:calc(16.666666666667% - ( ( 4% ) * 0.16666666666667 ) );margin-right: 4%;\" data-animationType=\"fadeInLeft\" data-animationDuration=\"1.0\" data-animationOffset=\"top-into-view\"><div class=\"fusion-column-wrapper fusion-column-has-shadow fusion-flex-column-wrapper-legacy\"><div class=\"fusion-sep-clear\"><\/div><div class=\"fusion-separator fusion-clearfix\" style=\"float:left;margin-top:9px;width:100%;max-width:65px;\"><div class=\"fusion-separator-border sep-single sep-solid\" style=\"--awb-height:20px;--awb-amount:20px;--awb-sep-color:#c1c1c1;border-color:#c1c1c1;border-top-width:1px;\"><\/div><\/div><div class=\"fusion-sep-clear\"><\/div><div class=\"fusion-clearfix\"><\/div><\/div><\/div><div class=\"fusion-layout-column fusion_builder_column_inner fusion-builder-nested-column-1 fusion_builder_column_inner_5_6 5_6 fusion-five-sixth fusion-column-last fusion-animated\" style=\"--awb-bg-size:cover;width:83.333333333333%;width:calc(83.333333333333% - ( ( 4% ) * 0.83333333333333 ) );\" data-animationType=\"fadeInLeft\" data-animationDuration=\"1.0\" data-animationOffset=\"top-into-view\"><div class=\"fusion-column-wrapper fusion-column-has-shadow fusion-flex-column-wrapper-legacy\"><div class=\"fusion-title title fusion-title-1 fusion-sep-none fusion-title-text fusion-title-size-six\" style=\"--awb-text-color:#d6d6d6;--awb-margin-bottom:11%;--awb-margin-top-small:0px;--awb-margin-right-small:0px;--awb-margin-bottom-small:20px;--awb-margin-left-small:0px;\"><h6 class=\"fusion-title-heading title-heading-left fusion-responsive-typography-calculated\" style=\"margin:0;--fontSize:14;--minFontSize:14;line-height:1.5;\">MALLORCA DESIGN VILLA<\/h6><\/div><div class=\"fusion-title title fusion-title-2 fusion-no-small-visibility fusion-no-medium-visibility fusion-sep-none fusion-title-text fusion-title-size-one\" style=\"--awb-text-color:#ffffff;--awb-margin-top-small:0px;--awb-margin-right-small:0px;--awb-margin-bottom-small:20px;--awb-margin-left-small:0px;--awb-font-size:100px;\"><h1 class=\"fusion-title-heading title-heading-left fusion-responsive-typography-calculated\" style=\"margin:0;font-size:1em;--fontSize:100;line-height:1.0;\">Vacaciones de lujo<\/h1><\/div><div class=\"fusion-title title fusion-title-3 fusion-no-large-visibility fusion-sep-none fusion-title-rotating fusion-animate-once fusion-title-fadeIn fusion-title-size-one\" style=\"--awb-text-color:#ffffff;--awb-margin-top-small:0px;--awb-margin-right-small:0px;--awb-margin-bottom-small:20px;--awb-margin-left-small:0px;\"><h1 class=\"fusion-title-heading title-heading-left fusion-responsive-typography-calculated\" style=\"margin:0;--fontSize:70;line-height:1.0;\"><span class=\"fusion-animated-text-prefix\">Vacaciones<\/span> <span class=\"fusion-animated-texts-wrapper\" data-length=\"char\" data-minDisplayTime=\"1200\"><span class=\"fusion-animated-texts\"><span data-in-effect=\"fadeIn\" class=\"fusion-animated-text\" data-in-sequence=\"true\" data-out-reverse=\"true\" data-out-effect=\"fadeOut\">de lujo<\/span><\/span><\/span> <span class=\"fusion-animated-text-postfix\"><\/span><\/h1><\/div><div class=\"fusion-text fusion-text-1\"><p style=\"color: #d6d6d6;\">Villa de dise\u00f1o en PRIMERA L\u00cdNEA DE MAR con acceso directo al mar para hasta 8 personas, 320 m\u00b2, piscina infinity y unas vistas de ensue\u00f1o al Mediterr\u00e1neo.<\/p>\n<\/div><div class=\"fusion-sep-clear\"><\/div><div class=\"fusion-separator fusion-full-width-sep\" style=\"margin-left: auto;margin-right: auto;margin-bottom:10%;width:100%;\"><\/div><div class=\"fusion-sep-clear\"><\/div><div class=\"fusion-button-wrapper fusion-align-inline-medium\"><a class=\"fusion-button button-flat fusion-button-default-size button-custom fusion-button-default button-1 fusion-button-default-span fusion-button-default-type\" style=\"--button_accent_color:#ffffff;--button_border_color:#ffffff;--button_accent_hover_color:#030303;--button_border_hover_color:#030303;--button_gradient_top_color:rgba(255,255,255,0);--button_gradient_bottom_color:rgba(255,255,255,0);--button_gradient_top_color_hover:#ffffff;--button_gradient_bottom_color_hover:#ffffff;\" target=\"_self\" href=\"https:\/\/www.mallorca-design-villa.de\/es\/alquiler\/\"><span class=\"fusion-button-text awb-button__text awb-button__text--default\">SOLICITAR RESERVA<\/span><\/a><\/div><div class=\"fusion-clearfix\"><\/div><\/div><\/div><\/div><div class=\"fusion-clearfix\"><\/div><\/div><\/div><\/div><\/div><div class=\"fusion-fullwidth fullwidth-box fusion-builder-row-2 nonhundred-percent-fullwidth non-hundred-percent-height-scrolling\" style=\"--awb-border-radius-top-left:0px;--awb-border-radius-top-right:0px;--awb-border-radius-bottom-right:0px;--awb-border-radius-bottom-left:0px;--awb-flex-wrap:wrap;\" ><div class=\"fusion-builder-row fusion-row\"><div class=\"fusion-layout-column fusion_builder_column fusion-builder-column-1 fusion_builder_column_1_1 1_1 fusion-one-full fusion-column-first fusion-column-last\" style=\"--awb-bg-size:cover;--awb-margin-bottom:0px;\"><div class=\"fusion-column-wrapper fusion-column-has-shadow fusion-flex-column-wrapper-legacy\"><div class=\"fusion-sep-clear\"><\/div><div class=\"fusion-separator fusion-no-large-visibility fusion-full-width-sep\" style=\"margin-left: auto;margin-right: auto;margin-bottom:50px;width:100%;\"><\/div><div class=\"fusion-sep-clear\"><\/div><div class=\"fusion-clearfix\"><\/div><\/div><\/div><div class=\"fusion-layout-column fusion_builder_column fusion-builder-column-2 fusion_builder_column_1_2 1_2 fusion-one-half fusion-column-first fusion-animated\" style=\"--awb-bg-size:cover;--awb-margin-bottom:0px;width:50%;width:calc(50% - ( ( 8% ) * 0.5 ) );margin-right: 8%;\" data-animationType=\"fadeInUp\" data-animationDuration=\"0.6\" data-animationOffset=\"top-into-view\"><div class=\"fusion-column-wrapper fusion-column-has-shadow fusion-flex-column-wrapper-legacy\"><div class=\"fusion-sep-clear\"><\/div><div class=\"fusion-separator fusion-no-large-visibility fusion-full-width-sep\" style=\"margin-left: auto;margin-right: auto;margin-bottom:30px;width:100%;\"><\/div><div class=\"fusion-sep-clear\"><\/div><div class=\"fusion-image-element fusion-image-align-center in-legacy-container\" style=\"text-align:center;--awb-caption-title-font-family:var(--h2_typography-font-family);--awb-caption-title-font-weight:var(--h2_typography-font-weight);--awb-caption-title-font-style:var(--h2_typography-font-style);--awb-caption-title-size:var(--h2_typography-font-size);--awb-caption-title-transform:var(--h2_typography-text-transform);--awb-caption-title-line-height:var(--h2_typography-line-height);--awb-caption-title-letter-spacing:var(--h2_typography-letter-spacing);\"><div class=\"imageframe-align-center\"><span class=\" fusion-imageframe imageframe-none imageframe-1 hover-type-none\"><img decoding=\"async\" width=\"1600\" height=\"2068\" alt=\"Piscina infinita | Mallorca Design Villa\" title=\"Piscina infinita | Mallorca Design Villa\" src=\"https:\/\/www.mallorca-design-villa.de\/wp-content\/uploads\/2020\/03\/hintergrund-hochformat-neu_mallorca-design-villa.jpg\" class=\"img-responsive wp-image-4687\" srcset=\"https:\/\/www.mallorca-design-villa.de\/wp-content\/uploads\/2020\/03\/hintergrund-hochformat-neu_mallorca-design-villa-200x259.jpg 200w, https:\/\/www.mallorca-design-villa.de\/wp-content\/uploads\/2020\/03\/hintergrund-hochformat-neu_mallorca-design-villa-400x517.jpg 400w, https:\/\/www.mallorca-design-villa.de\/wp-content\/uploads\/2020\/03\/hintergrund-hochformat-neu_mallorca-design-villa-600x776.jpg 600w, https:\/\/www.mallorca-design-villa.de\/wp-content\/uploads\/2020\/03\/hintergrund-hochformat-neu_mallorca-design-villa-800x1034.jpg 800w, https:\/\/www.mallorca-design-villa.de\/wp-content\/uploads\/2020\/03\/hintergrund-hochformat-neu_mallorca-design-villa-1200x1551.jpg 1200w, https:\/\/www.mallorca-design-villa.de\/wp-content\/uploads\/2020\/03\/hintergrund-hochformat-neu_mallorca-design-villa.jpg 1600w\" sizes=\"(max-width: 1000px) 100vw, 800px\" \/><\/span><\/div><\/div><div class=\"fusion-sep-clear\"><\/div><div class=\"fusion-separator fusion-no-large-visibility fusion-full-width-sep\" style=\"margin-left: auto;margin-right: auto;margin-bottom:50px;width:100%;\"><\/div><div class=\"fusion-sep-clear\"><\/div><div class=\"fusion-clearfix\"><\/div><\/div><\/div><div class=\"fusion-layout-column fusion_builder_column fusion-builder-column-3 fusion_builder_column_1_2 1_2 fusion-one-half fusion-column-last fusion-animated\" style=\"--awb-padding-right:8%;--awb-bg-size:cover;--awb-margin-bottom:0px;width:50%;width:calc(50% - ( ( 8% ) * 0.5 ) );\" data-animationType=\"fadeInUp\" data-animationDuration=\"1.0\" data-animationOffset=\"top-into-view\"><div class=\"fusion-column-wrapper fusion-column-has-shadow fusion-flex-column-wrapper-legacy\"><div class=\"fusion-text fusion-text-2\"><p><b>UNA OBRA MAESTRA DE LA ARQUITECTURA<\/b> en la costa este de Mallorca. La perfecta orientaci\u00f3n de la villa y su magn\u00edfica distribuci\u00f3n cautivan desde el primer momento, ya que los cuatro dormitorios dobles (todos con ba\u00f1o en suite) disfrutan de las mismas e incomparables vistas al mar. Abra los ventanales correderos de suelo a techo y d\u00e9jese acariciar por la suave brisa marina.<\/p>\n<\/div><div class=\"fusion-title title fusion-title-4 fusion-sep-none fusion-title-text fusion-title-size-two\" style=\"--awb-margin-top:50px;--awb-margin-bottom:40px;--awb-margin-top-small:0px;--awb-margin-right-small:0px;--awb-margin-bottom-small:20px;--awb-margin-left-small:0px;--awb-font-size:70px;\"><h2 class=\"fusion-title-heading title-heading-left fusion-responsive-typography-calculated\" style=\"margin:0;font-size:1em;--fontSize:70;line-height:1.2;\">SO\u00d1AR Y VIVIR EN PRIMERA L\u00cdNEA DE MAR<\/h2><\/div><div class=\"fusion-text fusion-text-3\"><p>Todo el mobiliario est\u00e1 compuesto por iconos del dise\u00f1o en tonos blanco, gris y negro, con detalles en madera de haya que aportan calidez a las puertas correderas y a numerosos elementos decorativos. Desde el elegante sal\u00f3n-comedor se accede a una terraza de m\u00e1s de 100 m\u00b2, con vistas a la piscina infinity de 35 m\u00b2 y a la Cala Magrana, situada a tan solo 50 metros y pr\u00e1cticamente a los pies de la villa.<\/p>\n<p>Sum\u00e9rjase en sus aguas turquesas, repletas de peces. Es recomendable ser un buen nadador. Si viaja con ni\u00f1os, la cercana Cala Anguila, a solo 500 metros, es una excelente alternativa gracias a sus aguas cristalinas y su cuidada playa de arena, ideales para disfrutar en familia. (ETV\/10333)<\/p>\n<\/div><div class=\"fusion-clearfix\"><\/div><\/div><\/div><div class=\"fusion-layout-column fusion_builder_column fusion-builder-column-4 fusion_builder_column_1_1 1_1 fusion-one-full fusion-column-first fusion-column-last\" style=\"--awb-bg-size:cover;--awb-margin-bottom:0px;\"><div class=\"fusion-column-wrapper fusion-column-has-shadow fusion-flex-column-wrapper-legacy\"><div class=\"fusion-sep-clear\"><\/div><div class=\"fusion-separator fusion-no-large-visibility fusion-full-width-sep\" style=\"margin-left: auto;margin-right: auto;margin-bottom:50px;width:100%;\"><\/div><div class=\"fusion-sep-clear\"><\/div><div class=\"fusion-clearfix\"><\/div><\/div><\/div><\/div><\/div><div class=\"fusion-fullwidth fullwidth-box fusion-builder-row-3 hundred-percent-fullwidth non-hundred-percent-height-scrolling fusion-equal-height-columns\" style=\"--awb-border-radius-top-left:0px;--awb-border-radius-top-right:0px;--awb-border-radius-bottom-right:0px;--awb-border-radius-bottom-left:0px;--awb-padding-top:0px;--awb-padding-right:0px;--awb-padding-bottom:0px;--awb-padding-left:0px;--awb-margin-top:0px;--awb-margin-bottom:0px;--awb-flex-wrap:wrap;\" ><div class=\"fusion-builder-row fusion-row\"><div class=\"fusion-layout-column fusion_builder_column fusion-builder-column-5 fusion_builder_column_1_5 1_5 fusion-one-fifth fusion-column-first fusion-animated\" style=\"--awb-padding-top:7%;--awb-padding-right:6%;--awb-padding-bottom:4%;--awb-padding-left:6%;--awb-bg-color:#000000;--awb-bg-color-hover:#000000;--awb-bg-size:cover;--awb-border-color:#ffffff;--awb-border-top:1px;--awb-border-right:1px;--awb-border-bottom:1px;--awb-border-left:1px;--awb-border-style:solid;--awb-margin-bottom:0px;\" data-animationType=\"slideInUp\" data-animationDuration=\"0.2\" data-animationOffset=\"top-into-view\"><div class=\"fusion-column-wrapper fusion-column-has-shadow fusion-flex-column-wrapper-legacy\"><div class=\"fusion-image-element fusion-image-align-center in-legacy-container\" style=\"text-align:center;--awb-caption-title-font-family:var(--h2_typography-font-family);--awb-caption-title-font-weight:var(--h2_typography-font-weight);--awb-caption-title-font-style:var(--h2_typography-font-style);--awb-caption-title-size:var(--h2_typography-font-size);--awb-caption-title-transform:var(--h2_typography-text-transform);--awb-caption-title-line-height:var(--h2_typography-line-height);--awb-caption-title-letter-spacing:var(--h2_typography-letter-spacing);\"><div class=\"imageframe-align-center\"><span class=\" fusion-imageframe imageframe-none imageframe-2 hover-type-none\"><img decoding=\"async\" width=\"70\" height=\"70\" alt=\"MALLORCA DESIGN VILLA | Perfekte Lage in 1. Meereslinie\" title=\"Ubicaci\u00f3n en primera l\u00ednea de mar | Mallorca Design Villa\" src=\"https:\/\/www.mallorca-design-villa.de\/wp-content\/uploads\/2020\/03\/icon_perfekte-lage-in-1ster-meereslinie_mallorca-design-villa.png\" class=\"img-responsive wp-image-4671\" srcset=\"https:\/\/www.mallorca-design-villa.de\/wp-content\/uploads\/2020\/03\/icon_perfekte-lage-in-1ster-meereslinie_mallorca-design-villa-66x66.png 66w, https:\/\/www.mallorca-design-villa.de\/wp-content\/uploads\/2020\/03\/icon_perfekte-lage-in-1ster-meereslinie_mallorca-design-villa.png 70w\" sizes=\"(max-width: 70px) 100vw, 70px\" \/><\/span><\/div><\/div><div class=\"fusion-sep-clear\"><\/div><div class=\"fusion-separator fusion-full-width-sep\" style=\"margin-left: auto;margin-right: auto;margin-top:7px;margin-bottom:7px;width:100%;max-width:100%;\"><\/div><div class=\"fusion-sep-clear\"><\/div><div class=\"fusion-title title fusion-title-5 fusion-sep-none fusion-title-center fusion-title-text fusion-title-size-four\" style=\"--awb-text-color:#ffffff;--awb-margin-bottom:6%;--awb-margin-top-small:0px;--awb-margin-right-small:0px;--awb-margin-bottom-small:20px;--awb-margin-left-small:0px;\"><h4 class=\"fusion-title-heading title-heading-center fusion-responsive-typography-calculated\" style=\"margin:0;--fontSize:25;--minFontSize:25;line-height:1.15;\">EN PRIMERA L\u00cdNEA DE MAR<\/h4><\/div><div class=\"fusion-clearfix\"><\/div><\/div><\/div><div class=\"fusion-layout-column fusion_builder_column fusion-builder-column-6 fusion_builder_column_1_5 1_5 fusion-one-fifth fusion-animated\" style=\"--awb-padding-top:7%;--awb-padding-right:6%;--awb-padding-bottom:4%;--awb-padding-left:6%;--awb-bg-color:#000000;--awb-bg-color-hover:#000000;--awb-bg-size:cover;--awb-border-color:#ffffff;--awb-border-top:1px;--awb-border-right:1px;--awb-border-bottom:1px;--awb-border-left:1px;--awb-border-style:solid;--awb-margin-bottom:0px;\" data-animationType=\"slideInUp\" data-animationDuration=\"0.4\" data-animationOffset=\"top-into-view\"><div class=\"fusion-column-wrapper fusion-column-has-shadow fusion-flex-column-wrapper-legacy\"><div class=\"fusion-image-element fusion-image-align-center in-legacy-container\" style=\"text-align:center;--awb-caption-title-font-family:var(--h2_typography-font-family);--awb-caption-title-font-weight:var(--h2_typography-font-weight);--awb-caption-title-font-style:var(--h2_typography-font-style);--awb-caption-title-size:var(--h2_typography-font-size);--awb-caption-title-transform:var(--h2_typography-text-transform);--awb-caption-title-line-height:var(--h2_typography-line-height);--awb-caption-title-letter-spacing:var(--h2_typography-letter-spacing);\"><div class=\"imageframe-align-center\"><span class=\" fusion-imageframe imageframe-none imageframe-3 hover-type-none\"><img decoding=\"async\" width=\"70\" height=\"70\" alt=\"MALLORCA DESIGN VILLA | Bis zu 8 Personen\" title=\"Hasta 8 personas | Mallorca Design Villa\" src=\"https:\/\/www.mallorca-design-villa.de\/wp-content\/uploads\/2020\/03\/icon_bis-zu-8-personen_mallorca-design-villa.png\" class=\"img-responsive wp-image-4667\" srcset=\"https:\/\/www.mallorca-design-villa.de\/wp-content\/uploads\/2020\/03\/icon_bis-zu-8-personen_mallorca-design-villa-66x66.png 66w, https:\/\/www.mallorca-design-villa.de\/wp-content\/uploads\/2020\/03\/icon_bis-zu-8-personen_mallorca-design-villa.png 70w\" sizes=\"(max-width: 70px) 100vw, 70px\" \/><\/span><\/div><\/div><div class=\"fusion-sep-clear\"><\/div><div class=\"fusion-separator fusion-full-width-sep\" style=\"margin-left: auto;margin-right: auto;margin-top:7px;margin-bottom:7px;width:100%;max-width:100%;\"><\/div><div class=\"fusion-sep-clear\"><\/div><div class=\"fusion-title title fusion-title-6 fusion-sep-none fusion-title-center fusion-title-text fusion-title-size-four\" style=\"--awb-text-color:#ffffff;--awb-margin-bottom:6%;--awb-margin-top-small:0px;--awb-margin-right-small:0px;--awb-margin-bottom-small:20px;--awb-margin-left-small:0px;\"><h4 class=\"fusion-title-heading title-heading-center fusion-responsive-typography-calculated\" style=\"margin:0;--fontSize:25;--minFontSize:25;line-height:1.15;\">HASTA 8 PERSONAS<\/h4><\/div><div class=\"fusion-clearfix\"><\/div><\/div><\/div><div class=\"fusion-layout-column fusion_builder_column fusion-builder-column-7 fusion_builder_column_1_5 1_5 fusion-one-fifth fusion-animated\" style=\"--awb-padding-top:7%;--awb-padding-right:6%;--awb-padding-bottom:4%;--awb-padding-left:6%;--awb-bg-color:#000000;--awb-bg-color-hover:#000000;--awb-bg-size:cover;--awb-border-color:#ffffff;--awb-border-top:1px;--awb-border-right:1px;--awb-border-bottom:1px;--awb-border-left:1px;--awb-border-style:solid;--awb-margin-bottom:0px;\" data-animationType=\"slideInUp\" data-animationDuration=\"0.6\" data-animationOffset=\"top-into-view\"><div class=\"fusion-column-wrapper fusion-column-has-shadow fusion-flex-column-wrapper-legacy\"><div class=\"fusion-image-element fusion-image-align-center in-legacy-container\" style=\"text-align:center;--awb-caption-title-font-family:var(--h2_typography-font-family);--awb-caption-title-font-weight:var(--h2_typography-font-weight);--awb-caption-title-font-style:var(--h2_typography-font-style);--awb-caption-title-size:var(--h2_typography-font-size);--awb-caption-title-transform:var(--h2_typography-text-transform);--awb-caption-title-line-height:var(--h2_typography-line-height);--awb-caption-title-letter-spacing:var(--h2_typography-letter-spacing);\"><div class=\"imageframe-align-center\"><span class=\" fusion-imageframe imageframe-none imageframe-4 hover-type-none\"><img decoding=\"async\" width=\"70\" height=\"70\" alt=\"MALLORCA DESIGN VILLA | Gratis WiFi\" title=\"Wi-Fi gratuito | Mallorca Design Villa\" src=\"https:\/\/www.mallorca-design-villa.de\/wp-content\/uploads\/2020\/03\/icon_gratis-wifi_mallorca-design-villa.png\" class=\"img-responsive wp-image-4676\" srcset=\"https:\/\/www.mallorca-design-villa.de\/wp-content\/uploads\/2020\/03\/icon_gratis-wifi_mallorca-design-villa-66x66.png 66w, https:\/\/www.mallorca-design-villa.de\/wp-content\/uploads\/2020\/03\/icon_gratis-wifi_mallorca-design-villa.png 70w\" sizes=\"(max-width: 70px) 100vw, 70px\" \/><\/span><\/div><\/div><div class=\"fusion-sep-clear\"><\/div><div class=\"fusion-separator fusion-full-width-sep\" style=\"margin-left: auto;margin-right: auto;margin-top:7px;margin-bottom:7px;width:100%;max-width:100%;\"><\/div><div class=\"fusion-sep-clear\"><\/div><div class=\"fusion-title title fusion-title-7 fusion-sep-none fusion-title-center fusion-title-text fusion-title-size-four\" style=\"--awb-text-color:#ffffff;--awb-margin-bottom:6%;--awb-margin-top-small:0px;--awb-margin-right-small:0px;--awb-margin-bottom-small:20px;--awb-margin-left-small:0px;\"><h4 class=\"fusion-title-heading title-heading-center fusion-responsive-typography-calculated\" style=\"margin:0;--fontSize:25;--minFontSize:25;line-height:1.15;\">WIFI \/ TELEVISI\u00d3N POR SAT\u00c9LITE<\/h4><\/div><div class=\"fusion-clearfix\"><\/div><\/div><\/div><div class=\"fusion-layout-column fusion_builder_column fusion-builder-column-8 fusion_builder_column_1_5 1_5 fusion-one-fifth fusion-animated\" style=\"--awb-padding-top:7%;--awb-padding-right:6%;--awb-padding-bottom:4%;--awb-padding-left:6%;--awb-bg-color:#000000;--awb-bg-color-hover:#000000;--awb-bg-size:cover;--awb-border-color:#ffffff;--awb-border-top:1px;--awb-border-right:1px;--awb-border-bottom:1px;--awb-border-left:1px;--awb-border-style:solid;--awb-margin-bottom:0px;\" data-animationType=\"slideInUp\" data-animationDuration=\"0.8\" data-animationOffset=\"top-into-view\"><div class=\"fusion-column-wrapper fusion-column-has-shadow fusion-flex-column-wrapper-legacy\"><div class=\"fusion-image-element fusion-image-align-center in-legacy-container\" style=\"text-align:center;--awb-caption-title-font-family:var(--h2_typography-font-family);--awb-caption-title-font-weight:var(--h2_typography-font-weight);--awb-caption-title-font-style:var(--h2_typography-font-style);--awb-caption-title-size:var(--h2_typography-font-size);--awb-caption-title-transform:var(--h2_typography-text-transform);--awb-caption-title-line-height:var(--h2_typography-line-height);--awb-caption-title-letter-spacing:var(--h2_typography-letter-spacing);\"><div class=\"imageframe-align-center\"><span class=\" fusion-imageframe imageframe-none imageframe-5 hover-type-none\"><img decoding=\"async\" width=\"70\" height=\"70\" alt=\"MALLORCA DESIGN VILLA | 4 Doppelzimmer\" title=\"4 habitaciones dobles | Mallorca Design Villa\" src=\"https:\/\/www.mallorca-design-villa.de\/wp-content\/uploads\/2020\/03\/icon_4-doppelzimmer_mallorca-design-villa.png\" class=\"img-responsive wp-image-4675\" srcset=\"https:\/\/www.mallorca-design-villa.de\/wp-content\/uploads\/2020\/03\/icon_4-doppelzimmer_mallorca-design-villa-66x66.png 66w, https:\/\/www.mallorca-design-villa.de\/wp-content\/uploads\/2020\/03\/icon_4-doppelzimmer_mallorca-design-villa.png 70w\" sizes=\"(max-width: 70px) 100vw, 70px\" \/><\/span><\/div><\/div><div class=\"fusion-sep-clear\"><\/div><div class=\"fusion-separator fusion-full-width-sep\" style=\"margin-left: auto;margin-right: auto;margin-top:7px;margin-bottom:7px;width:100%;max-width:100%;\"><\/div><div class=\"fusion-sep-clear\"><\/div><div class=\"fusion-title title fusion-title-8 fusion-sep-none fusion-title-center fusion-title-text fusion-title-size-four\" style=\"--awb-text-color:#ffffff;--awb-margin-bottom:6%;--awb-margin-top-small:0px;--awb-margin-right-small:0px;--awb-margin-bottom-small:20px;--awb-margin-left-small:0px;\"><h4 class=\"fusion-title-heading title-heading-center fusion-responsive-typography-calculated\" style=\"margin:0;--fontSize:25;--minFontSize:25;line-height:1.15;\">4 DORMITORIOS DOBLES<\/h4><\/div><div class=\"fusion-clearfix\"><\/div><\/div><\/div><div class=\"fusion-layout-column fusion_builder_column fusion-builder-column-9 fusion_builder_column_1_5 1_5 fusion-one-fifth fusion-column-last fusion-animated\" style=\"--awb-padding-top:7%;--awb-padding-right:6%;--awb-padding-bottom:4%;--awb-padding-left:6%;--awb-bg-color:#000000;--awb-bg-color-hover:#000000;--awb-bg-size:cover;--awb-border-color:#ffffff;--awb-border-top:1px;--awb-border-right:1px;--awb-border-bottom:1px;--awb-border-left:1px;--awb-border-style:solid;--awb-margin-bottom:0px;\" data-animationType=\"slideInUp\" data-animationDuration=\"1.0\" data-animationOffset=\"top-into-view\"><div class=\"fusion-column-wrapper fusion-column-has-shadow fusion-flex-column-wrapper-legacy\"><div class=\"fusion-image-element fusion-image-align-center in-legacy-container\" style=\"text-align:center;--awb-caption-title-font-family:var(--h2_typography-font-family);--awb-caption-title-font-weight:var(--h2_typography-font-weight);--awb-caption-title-font-style:var(--h2_typography-font-style);--awb-caption-title-size:var(--h2_typography-font-size);--awb-caption-title-transform:var(--h2_typography-text-transform);--awb-caption-title-line-height:var(--h2_typography-line-height);--awb-caption-title-letter-spacing:var(--h2_typography-letter-spacing);\"><div class=\"imageframe-align-center\"><span class=\" fusion-imageframe imageframe-none imageframe-6 hover-type-none\"><img decoding=\"async\" width=\"70\" height=\"70\" alt=\"MALLORCA DESIGN VILLA | B\u00e4der en suite\" title=\"Ba\u00f1os en suite | Mallorca Design Villa\" src=\"https:\/\/www.mallorca-design-villa.de\/wp-content\/uploads\/2020\/03\/icon_baeder-en-suite_mallorca-design-villa.png\" class=\"img-responsive wp-image-4670\" srcset=\"https:\/\/www.mallorca-design-villa.de\/wp-content\/uploads\/2020\/03\/icon_baeder-en-suite_mallorca-design-villa-66x66.png 66w, https:\/\/www.mallorca-design-villa.de\/wp-content\/uploads\/2020\/03\/icon_baeder-en-suite_mallorca-design-villa.png 70w\" sizes=\"(max-width: 70px) 100vw, 70px\" \/><\/span><\/div><\/div><div class=\"fusion-sep-clear\"><\/div><div class=\"fusion-separator fusion-full-width-sep\" style=\"margin-left: auto;margin-right: auto;margin-top:7px;margin-bottom:7px;width:100%;max-width:100%;\"><\/div><div class=\"fusion-sep-clear\"><\/div><div class=\"fusion-title title fusion-title-9 fusion-sep-none fusion-title-center fusion-title-text fusion-title-size-four\" style=\"--awb-text-color:#ffffff;--awb-margin-bottom:6%;--awb-margin-top-small:0px;--awb-margin-right-small:0px;--awb-margin-bottom-small:20px;--awb-margin-left-small:0px;\"><h4 class=\"fusion-title-heading title-heading-center fusion-responsive-typography-calculated\" style=\"margin:0;--fontSize:25;--minFontSize:25;line-height:1.15;\">BA\u00d1OS EN SUITE<\/h4><\/div><div class=\"fusion-clearfix\"><\/div><\/div><\/div><div class=\"fusion-layout-column fusion_builder_column fusion-builder-column-10 fusion_builder_column_1_5 1_5 fusion-one-fifth fusion-column-first fusion-animated\" style=\"--awb-padding-top:7%;--awb-padding-right:6%;--awb-padding-bottom:4%;--awb-padding-left:6%;--awb-bg-color:#000000;--awb-bg-color-hover:#000000;--awb-bg-size:cover;--awb-border-color:#ffffff;--awb-border-top:1px;--awb-border-right:1px;--awb-border-bottom:1px;--awb-border-left:1px;--awb-border-style:solid;--awb-margin-bottom:0px;\" data-animationType=\"slideInUp\" data-animationDuration=\"1.0\" data-animationOffset=\"top-into-view\"><div class=\"fusion-column-wrapper fusion-column-has-shadow fusion-flex-column-wrapper-legacy\"><div class=\"fusion-image-element fusion-image-align-center in-legacy-container\" style=\"text-align:center;--awb-caption-title-font-family:var(--h2_typography-font-family);--awb-caption-title-font-weight:var(--h2_typography-font-weight);--awb-caption-title-font-style:var(--h2_typography-font-style);--awb-caption-title-size:var(--h2_typography-font-size);--awb-caption-title-transform:var(--h2_typography-text-transform);--awb-caption-title-line-height:var(--h2_typography-line-height);--awb-caption-title-letter-spacing:var(--h2_typography-letter-spacing);\"><div class=\"imageframe-align-center\"><span class=\" fusion-imageframe imageframe-none imageframe-7 hover-type-none\"><img decoding=\"async\" width=\"70\" height=\"70\" alt=\"MALLORCA DESIGN VILLA | Exklusives Mobiliar\" title=\"Mobiliario exclusivo | Mallorca Design Villa\" src=\"https:\/\/www.mallorca-design-villa.de\/wp-content\/uploads\/2020\/03\/icon_exklusives-mobiliar_mallorca-design-villa.png\" class=\"img-responsive wp-image-4668\" srcset=\"https:\/\/www.mallorca-design-villa.de\/wp-content\/uploads\/2020\/03\/icon_exklusives-mobiliar_mallorca-design-villa-66x66.png 66w, https:\/\/www.mallorca-design-villa.de\/wp-content\/uploads\/2020\/03\/icon_exklusives-mobiliar_mallorca-design-villa.png 70w\" sizes=\"(max-width: 70px) 100vw, 70px\" \/><\/span><\/div><\/div><div class=\"fusion-sep-clear\"><\/div><div class=\"fusion-separator fusion-full-width-sep\" style=\"margin-left: auto;margin-right: auto;margin-top:7px;margin-bottom:7px;width:100%;max-width:100%;\"><\/div><div class=\"fusion-sep-clear\"><\/div><div class=\"fusion-title title fusion-title-10 fusion-sep-none fusion-title-center fusion-title-text fusion-title-size-four\" style=\"--awb-text-color:#ffffff;--awb-margin-bottom:6%;--awb-margin-top-small:0px;--awb-margin-right-small:0px;--awb-margin-bottom-small:20px;--awb-margin-left-small:0px;\"><h4 class=\"fusion-title-heading title-heading-center fusion-responsive-typography-calculated\" style=\"margin:0;--fontSize:25;--minFontSize:25;line-height:1.15;\">MOBILIARIO EXCLUSIVO<\/h4><\/div><div class=\"fusion-clearfix\"><\/div><\/div><\/div><div class=\"fusion-layout-column fusion_builder_column fusion-builder-column-11 fusion_builder_column_1_5 1_5 fusion-one-fifth fusion-animated\" style=\"--awb-padding-top:7%;--awb-padding-right:6%;--awb-padding-bottom:4%;--awb-padding-left:6%;--awb-bg-color:#000000;--awb-bg-color-hover:#000000;--awb-bg-size:cover;--awb-border-color:#ffffff;--awb-border-top:1px;--awb-border-right:1px;--awb-border-bottom:1px;--awb-border-left:1px;--awb-border-style:solid;--awb-margin-bottom:0px;\" data-animationType=\"slideInUp\" data-animationDuration=\"0.8\" data-animationOffset=\"top-into-view\"><div class=\"fusion-column-wrapper fusion-column-has-shadow fusion-flex-column-wrapper-legacy\"><div class=\"fusion-image-element fusion-image-align-center in-legacy-container\" style=\"text-align:center;--awb-caption-title-font-family:var(--h2_typography-font-family);--awb-caption-title-font-weight:var(--h2_typography-font-weight);--awb-caption-title-font-style:var(--h2_typography-font-style);--awb-caption-title-size:var(--h2_typography-font-size);--awb-caption-title-transform:var(--h2_typography-text-transform);--awb-caption-title-line-height:var(--h2_typography-line-height);--awb-caption-title-letter-spacing:var(--h2_typography-letter-spacing);\"><div class=\"imageframe-align-center\"><span class=\" fusion-imageframe imageframe-none imageframe-8 hover-type-none\"><img decoding=\"async\" width=\"70\" height=\"70\" alt=\"MALLORCA DESIGN VILLA | Infinity-Pool\" title=\"Piscina infinita | Mallorca Design Villa\" src=\"https:\/\/www.mallorca-design-villa.de\/wp-content\/uploads\/2020\/03\/icon_infinity-pool_mallorca-design-villa.png\" class=\"img-responsive wp-image-4672\" srcset=\"https:\/\/www.mallorca-design-villa.de\/wp-content\/uploads\/2020\/03\/icon_infinity-pool_mallorca-design-villa-66x66.png 66w, https:\/\/www.mallorca-design-villa.de\/wp-content\/uploads\/2020\/03\/icon_infinity-pool_mallorca-design-villa.png 70w\" sizes=\"(max-width: 70px) 100vw, 70px\" \/><\/span><\/div><\/div><div class=\"fusion-sep-clear\"><\/div><div class=\"fusion-separator fusion-full-width-sep\" style=\"margin-left: auto;margin-right: auto;margin-top:7px;margin-bottom:7px;width:100%;max-width:100%;\"><\/div><div class=\"fusion-sep-clear\"><\/div><div class=\"fusion-title title fusion-title-11 fusion-sep-none fusion-title-center fusion-title-text fusion-title-size-four\" style=\"--awb-text-color:#ffffff;--awb-margin-bottom:6%;--awb-margin-top-small:0px;--awb-margin-right-small:0px;--awb-margin-bottom-small:20px;--awb-margin-left-small:0px;\"><h4 class=\"fusion-title-heading title-heading-center fusion-responsive-typography-calculated\" style=\"margin:0;--fontSize:25;--minFontSize:25;line-height:1.15;\">PISCINA INFINITY<\/h4><\/div><div class=\"fusion-clearfix\"><\/div><\/div><\/div><div class=\"fusion-layout-column fusion_builder_column fusion-builder-column-12 fusion_builder_column_1_5 1_5 fusion-one-fifth fusion-animated\" style=\"--awb-padding-top:7%;--awb-padding-right:6%;--awb-padding-bottom:4%;--awb-padding-left:6%;--awb-bg-color:#000000;--awb-bg-color-hover:#000000;--awb-bg-size:cover;--awb-border-color:#ffffff;--awb-border-top:1px;--awb-border-right:1px;--awb-border-bottom:1px;--awb-border-left:1px;--awb-border-style:solid;--awb-margin-bottom:0px;\" data-animationType=\"slideInUp\" data-animationDuration=\"0.6\" data-animationOffset=\"top-into-view\"><div class=\"fusion-column-wrapper fusion-column-has-shadow fusion-flex-column-wrapper-legacy\"><div class=\"fusion-image-element fusion-image-align-center in-legacy-container\" style=\"text-align:center;--awb-caption-title-font-family:var(--h2_typography-font-family);--awb-caption-title-font-weight:var(--h2_typography-font-weight);--awb-caption-title-font-style:var(--h2_typography-font-style);--awb-caption-title-size:var(--h2_typography-font-size);--awb-caption-title-transform:var(--h2_typography-text-transform);--awb-caption-title-line-height:var(--h2_typography-line-height);--awb-caption-title-letter-spacing:var(--h2_typography-letter-spacing);\"><div class=\"imageframe-align-center\"><span class=\" fusion-imageframe imageframe-none imageframe-9 hover-type-none\"><img decoding=\"async\" width=\"70\" height=\"70\" alt=\"MALLORCA DESIGN VILLA | Direkter Zugang zur Cala Magrana\" title=\"Acceso directo al mar | Mallorca Design Villa\" src=\"https:\/\/www.mallorca-design-villa.de\/wp-content\/uploads\/2020\/03\/icon_direkter-zugang-zur-cala-magrana_mallorca-design-villa.png\" class=\"img-responsive wp-image-4673\" srcset=\"https:\/\/www.mallorca-design-villa.de\/wp-content\/uploads\/2020\/03\/icon_direkter-zugang-zur-cala-magrana_mallorca-design-villa-66x66.png 66w, https:\/\/www.mallorca-design-villa.de\/wp-content\/uploads\/2020\/03\/icon_direkter-zugang-zur-cala-magrana_mallorca-design-villa.png 70w\" sizes=\"(max-width: 70px) 100vw, 70px\" \/><\/span><\/div><\/div><div class=\"fusion-sep-clear\"><\/div><div class=\"fusion-separator fusion-full-width-sep\" style=\"margin-left: auto;margin-right: auto;margin-top:7px;margin-bottom:7px;width:100%;max-width:100%;\"><\/div><div class=\"fusion-sep-clear\"><\/div><div class=\"fusion-title title fusion-title-12 fusion-sep-none fusion-title-center fusion-title-text fusion-title-size-four\" style=\"--awb-text-color:#ffffff;--awb-margin-bottom:6%;--awb-margin-top-small:0px;--awb-margin-right-small:0px;--awb-margin-bottom-small:20px;--awb-margin-left-small:0px;\"><h4 class=\"fusion-title-heading title-heading-center fusion-responsive-typography-calculated\" style=\"margin:0;--fontSize:25;--minFontSize:25;line-height:1.15;\">ACCESO DIRECTO AL MAR<\/h4><\/div><div class=\"fusion-clearfix\"><\/div><\/div><\/div><div class=\"fusion-layout-column fusion_builder_column fusion-builder-column-13 fusion_builder_column_1_5 1_5 fusion-one-fifth fusion-animated\" style=\"--awb-padding-top:7%;--awb-padding-right:6%;--awb-padding-bottom:4%;--awb-padding-left:6%;--awb-bg-color:#000000;--awb-bg-color-hover:#000000;--awb-bg-size:cover;--awb-border-color:#ffffff;--awb-border-top:1px;--awb-border-right:1px;--awb-border-bottom:1px;--awb-border-left:1px;--awb-border-style:solid;--awb-margin-bottom:0px;\" data-animationType=\"slideInUp\" data-animationDuration=\"0.4\" data-animationOffset=\"top-into-view\"><div class=\"fusion-column-wrapper fusion-column-has-shadow fusion-flex-column-wrapper-legacy\"><div class=\"fusion-image-element fusion-image-align-center in-legacy-container\" style=\"text-align:center;--awb-caption-title-font-family:var(--h2_typography-font-family);--awb-caption-title-font-weight:var(--h2_typography-font-weight);--awb-caption-title-font-style:var(--h2_typography-font-style);--awb-caption-title-size:var(--h2_typography-font-size);--awb-caption-title-transform:var(--h2_typography-text-transform);--awb-caption-title-line-height:var(--h2_typography-line-height);--awb-caption-title-letter-spacing:var(--h2_typography-letter-spacing);\"><div class=\"imageframe-align-center\"><span class=\" fusion-imageframe imageframe-none imageframe-10 hover-type-none\"><img decoding=\"async\" width=\"70\" height=\"70\" alt=\"MALLORCA DESIGN VILLA | 500 m zum Sandstrand\" title=\"A 500 m de la playa de arena | Mallorca Design Villa\" src=\"https:\/\/www.mallorca-design-villa.de\/wp-content\/uploads\/2020\/03\/icon_500-m-zum-sandstrand_mallorca-design-villa.png\" class=\"img-responsive wp-image-4674\" srcset=\"https:\/\/www.mallorca-design-villa.de\/wp-content\/uploads\/2020\/03\/icon_500-m-zum-sandstrand_mallorca-design-villa-66x66.png 66w, https:\/\/www.mallorca-design-villa.de\/wp-content\/uploads\/2020\/03\/icon_500-m-zum-sandstrand_mallorca-design-villa.png 70w\" sizes=\"(max-width: 70px) 100vw, 70px\" \/><\/span><\/div><\/div><div class=\"fusion-sep-clear\"><\/div><div class=\"fusion-separator fusion-full-width-sep\" style=\"margin-left: auto;margin-right: auto;margin-top:7px;margin-bottom:7px;width:100%;max-width:100%;\"><\/div><div class=\"fusion-sep-clear\"><\/div><div class=\"fusion-title title fusion-title-13 fusion-sep-none fusion-title-center fusion-title-text fusion-title-size-four\" style=\"--awb-text-color:#ffffff;--awb-margin-bottom:6%;--awb-margin-top-small:0px;--awb-margin-right-small:0px;--awb-margin-bottom-small:20px;--awb-margin-left-small:0px;\"><h4 class=\"fusion-title-heading title-heading-center fusion-responsive-typography-calculated\" style=\"margin:0;--fontSize:25;--minFontSize:25;line-height:1.15;\">PLAYA DE ARENA A 500 M<\/h4><\/div><div class=\"fusion-clearfix\"><\/div><\/div><\/div><div class=\"fusion-layout-column fusion_builder_column fusion-builder-column-14 fusion_builder_column_1_5 1_5 fusion-one-fifth fusion-column-last fusion-animated\" style=\"--awb-padding-top:7%;--awb-padding-right:6%;--awb-padding-bottom:4%;--awb-padding-left:6%;--awb-bg-color:#000000;--awb-bg-color-hover:#000000;--awb-bg-size:cover;--awb-border-color:#ffffff;--awb-border-top:1px;--awb-border-right:1px;--awb-border-bottom:1px;--awb-border-left:1px;--awb-border-style:solid;--awb-margin-bottom:0px;\" data-animationType=\"slideInUp\" data-animationDuration=\"0.2\" data-animationOffset=\"top-into-view\"><div class=\"fusion-column-wrapper fusion-column-has-shadow fusion-flex-column-wrapper-legacy\"><div class=\"fusion-image-element fusion-image-align-center in-legacy-container\" style=\"text-align:center;--awb-caption-title-font-family:var(--h2_typography-font-family);--awb-caption-title-font-weight:var(--h2_typography-font-weight);--awb-caption-title-font-style:var(--h2_typography-font-style);--awb-caption-title-size:var(--h2_typography-font-size);--awb-caption-title-transform:var(--h2_typography-text-transform);--awb-caption-title-line-height:var(--h2_typography-line-height);--awb-caption-title-letter-spacing:var(--h2_typography-letter-spacing);\"><div class=\"imageframe-align-center\"><span class=\" fusion-imageframe imageframe-none imageframe-11 hover-type-none\"><img decoding=\"async\" width=\"70\" height=\"70\" alt=\"MALLORCA DESIGN VILLA | 220 qm Wohnen \/ 100 qm Terrasse\" title=\"320 m\u00b2 de superficie habitable | Mallorca Design Villa\" src=\"https:\/\/www.mallorca-design-villa.de\/wp-content\/uploads\/2020\/03\/icon_220-qm-wohnen-und-100-qm-terrasse_mallorca-design-villa.png\" class=\"img-responsive wp-image-4678\" srcset=\"https:\/\/www.mallorca-design-villa.de\/wp-content\/uploads\/2020\/03\/icon_220-qm-wohnen-und-100-qm-terrasse_mallorca-design-villa-66x66.png 66w, https:\/\/www.mallorca-design-villa.de\/wp-content\/uploads\/2020\/03\/icon_220-qm-wohnen-und-100-qm-terrasse_mallorca-design-villa.png 70w\" sizes=\"(max-width: 70px) 100vw, 70px\" \/><\/span><\/div><\/div><div class=\"fusion-sep-clear\"><\/div><div class=\"fusion-separator fusion-full-width-sep\" style=\"margin-left: auto;margin-right: auto;margin-top:7px;margin-bottom:7px;width:100%;max-width:100%;\"><\/div><div class=\"fusion-sep-clear\"><\/div><div class=\"fusion-title title fusion-title-14 fusion-sep-none fusion-title-center fusion-title-text fusion-title-size-four\" style=\"--awb-text-color:#ffffff;--awb-margin-bottom:6%;--awb-margin-top-small:0px;--awb-margin-right-small:0px;--awb-margin-bottom-small:20px;--awb-margin-left-small:0px;\"><h4 class=\"fusion-title-heading title-heading-center fusion-responsive-typography-calculated\" style=\"margin:0;--fontSize:25;--minFontSize:25;line-height:1.15;\">320 M\u00b2 DE SUPERFICIE HABITABLE<\/h4><\/div><div class=\"fusion-clearfix\"><\/div><\/div><\/div><\/div><\/div><div class=\"fusion-fullwidth fullwidth-box fusion-builder-row-4 hundred-percent-fullwidth non-hundred-percent-height-scrolling\" style=\"--awb-border-radius-top-left:0px;--awb-border-radius-top-right:0px;--awb-border-radius-bottom-right:0px;--awb-border-radius-bottom-left:0px;--awb-margin-top:0px;--awb-margin-bottom:0px;--awb-flex-wrap:wrap;\" ><div class=\"fusion-builder-row fusion-row\"><div class=\"fusion-layout-column fusion_builder_column fusion-builder-column-15 fusion_builder_column_1_1 1_1 fusion-one-full fusion-column-first fusion-column-last fusion-no-large-visibility\" style=\"--awb-bg-size:cover;--awb-margin-bottom:0px;\"><div class=\"fusion-column-wrapper fusion-column-has-shadow fusion-flex-column-wrapper-legacy\"><div class=\"fusion-sep-clear\"><\/div><div class=\"fusion-separator fusion-no-large-visibility fusion-full-width-sep\" style=\"margin-left: auto;margin-right: auto;margin-bottom:50px;width:100%;max-width:100%;\"><\/div><div class=\"fusion-sep-clear\"><\/div><div class=\"fusion-clearfix\"><\/div><\/div><\/div><div class=\"fusion-layout-column fusion_builder_column fusion-builder-column-16 fusion_builder_column_1_1 1_1 fusion-one-full fusion-column-first fusion-column-last\" style=\"--awb-padding-right:5%;--awb-padding-left:5%;--awb-bg-size:cover;--awb-margin-bottom:0px;\"><div class=\"fusion-column-wrapper fusion-column-has-shadow fusion-flex-column-wrapper-legacy\"><div class=\"fusion-title title fusion-title-15 fusion-sep-none fusion-title-center fusion-title-text fusion-title-size-two\" style=\"--awb-margin-bottom:40px;--awb-margin-top-small:0px;--awb-margin-right-small:0px;--awb-margin-bottom-small:20px;--awb-margin-left-small:0px;--awb-font-size:70px;\"><h2 class=\"fusion-title-heading title-heading-center fusion-responsive-typography-calculated\" style=\"margin:0;font-size:1em;--fontSize:70;line-height:1.2;\">Una distribuci\u00f3n excepcional<\/h2><\/div><div class=\"fusion-text fusion-text-4\" style=\"--awb-text-transform:none;\"><p style=\"text-align: center;\">La forma de la villa recuerda a un velero que hubiera quedado \u00abvarado\u00bb sobre los acantilados de Cala Magrana. Sus 320 m\u00b2 se distribuyen en tres plantas. Vista desde el mar, la altura total del edificio, de m\u00e1s de 20 metros, resulta impresionante y convierte la villa en un aut\u00e9ntico referente visible desde la distancia. La planta de la piscina constituye el verdadero coraz\u00f3n de la vivienda, con aproximadamente 90 m\u00b2 distribuidos entre cocina, comedor, sal\u00f3n y un aseo de cortes\u00eda. La planta baja, con acceso directo desde la calle, dispone de dos dormitorios dobles con ba\u00f1o en suite. La planta superior alberga otros dos dormitorios id\u00e9nticos, tambi\u00e9n con ba\u00f1o en suite. Tanto la planta baja como la planta superior cuentan con una superficie aproximada de 90 m\u00b2 cada una.<\/p>\n<\/div><div class=\"fusion-sep-clear\"><\/div><div class=\"fusion-separator fusion-full-width-sep\" style=\"margin-left: auto;margin-right: auto;margin-top:15px;margin-bottom:15px;width:100%;max-width:100%;\"><\/div><div class=\"fusion-sep-clear\"><\/div><div class=\"fusion-clearfix\"><\/div><\/div><\/div><div class=\"fusion-layout-column fusion_builder_column fusion-builder-column-17 fusion_builder_column_1_3 1_3 fusion-one-third fusion-column-first fusion-animated\" style=\"--awb-bg-size:cover;--awb-margin-bottom:0px;width:33.333333333333%;width:calc(33.333333333333% - ( ( 20px + 20px ) * 0.33333333333333 ) );margin-right: 20px;\" data-animationType=\"fadeInUp\" data-animationDuration=\"1.0\" data-animationOffset=\"top-into-view\"><div class=\"fusion-column-wrapper fusion-column-has-shadow fusion-flex-column-wrapper-legacy\"><div class=\"fusion-image-element in-legacy-container\" style=\"--awb-caption-title-font-family:var(--h2_typography-font-family);--awb-caption-title-font-weight:var(--h2_typography-font-weight);--awb-caption-title-font-style:var(--h2_typography-font-style);--awb-caption-title-size:var(--h2_typography-font-size);--awb-caption-title-transform:var(--h2_typography-text-transform);--awb-caption-title-line-height:var(--h2_typography-line-height);--awb-caption-title-letter-spacing:var(--h2_typography-letter-spacing);\"><span class=\" fusion-imageframe imageframe-none imageframe-12 hover-type-none\"><img decoding=\"async\" width=\"560\" height=\"373\" alt=\"MALLORCA DESIGN VILLA - Grundriss Poolgeschoss\" title=\"Plano de planta del nivel de la piscina | Mallorca Design Villa\" src=\"https:\/\/www.mallorca-design-villa.de\/wp-content\/uploads\/2020\/04\/grundrisse_poolgeschoss_mallorca-design-villa.jpg\" class=\"img-responsive wp-image-4690\" srcset=\"https:\/\/www.mallorca-design-villa.de\/wp-content\/uploads\/2020\/04\/grundrisse_poolgeschoss_mallorca-design-villa-200x133.jpg 200w, https:\/\/www.mallorca-design-villa.de\/wp-content\/uploads\/2020\/04\/grundrisse_poolgeschoss_mallorca-design-villa-400x266.jpg 400w, https:\/\/www.mallorca-design-villa.de\/wp-content\/uploads\/2020\/04\/grundrisse_poolgeschoss_mallorca-design-villa.jpg 560w\" sizes=\"(max-width: 1000px) 100vw, 560px\" \/><\/span><\/div><div class=\"fusion-sep-clear\"><\/div><div class=\"fusion-separator fusion-full-width-sep\" style=\"margin-left: auto;margin-right: auto;margin-top:15px;margin-bottom:15px;width:100%;max-width:100%;\"><\/div><div class=\"fusion-sep-clear\"><\/div><div class=\"fusion-title title fusion-title-16 fusion-sep-none fusion-title-center fusion-title-text fusion-title-size-three\" style=\"--awb-margin-bottom:6%;--awb-margin-top-small:0px;--awb-margin-right-small:0px;--awb-margin-bottom-small:20px;--awb-margin-left-small:0px;\"><h3 class=\"fusion-title-heading title-heading-center fusion-responsive-typography-calculated\" style=\"margin:0;--fontSize:20;--minFontSize:20;line-height:1.15;\">Planta de la piscina<\/h3><\/div><div class=\"fusion-sep-clear\"><\/div><div class=\"fusion-separator fusion-full-width-sep\" style=\"margin-left: auto;margin-right: auto;margin-top:15px;margin-bottom:15px;width:100%;max-width:100%;\"><\/div><div class=\"fusion-sep-clear\"><\/div><div class=\"fusion-clearfix\"><\/div><\/div><\/div><div class=\"fusion-layout-column fusion_builder_column fusion-builder-column-18 fusion_builder_column_1_3 1_3 fusion-one-third fusion-animated\" style=\"--awb-bg-size:cover;--awb-margin-bottom:0px;width:33.333333333333%;width:calc(33.333333333333% - ( ( 20px + 20px ) * 0.33333333333333 ) );margin-right: 20px;\" data-animationType=\"fadeInUp\" data-animationDuration=\"1.0\" data-animationOffset=\"top-into-view\"><div class=\"fusion-column-wrapper fusion-column-has-shadow fusion-flex-column-wrapper-legacy\"><div class=\"fusion-image-element in-legacy-container\" style=\"--awb-caption-title-font-family:var(--h2_typography-font-family);--awb-caption-title-font-weight:var(--h2_typography-font-weight);--awb-caption-title-font-style:var(--h2_typography-font-style);--awb-caption-title-size:var(--h2_typography-font-size);--awb-caption-title-transform:var(--h2_typography-text-transform);--awb-caption-title-line-height:var(--h2_typography-line-height);--awb-caption-title-letter-spacing:var(--h2_typography-letter-spacing);\"><span class=\" fusion-imageframe imageframe-none imageframe-13 hover-type-none\"><img decoding=\"async\" width=\"560\" height=\"373\" alt=\"MALLORCA DESIGN VILLA - Grundriss Erdgeschoss\" title=\"Plano de la planta baja | Mallorca Design Villa\" src=\"https:\/\/www.mallorca-design-villa.de\/wp-content\/uploads\/2020\/04\/grundrisse_erdgeschoss_mallorca-design-villa.jpg\" class=\"img-responsive wp-image-4691\" srcset=\"https:\/\/www.mallorca-design-villa.de\/wp-content\/uploads\/2020\/04\/grundrisse_erdgeschoss_mallorca-design-villa-200x133.jpg 200w, https:\/\/www.mallorca-design-villa.de\/wp-content\/uploads\/2020\/04\/grundrisse_erdgeschoss_mallorca-design-villa-400x266.jpg 400w, https:\/\/www.mallorca-design-villa.de\/wp-content\/uploads\/2020\/04\/grundrisse_erdgeschoss_mallorca-design-villa.jpg 560w\" sizes=\"(max-width: 1000px) 100vw, 560px\" \/><\/span><\/div><div class=\"fusion-sep-clear\"><\/div><div class=\"fusion-separator fusion-full-width-sep\" style=\"margin-left: auto;margin-right: auto;margin-top:15px;margin-bottom:15px;width:100%;max-width:100%;\"><\/div><div class=\"fusion-sep-clear\"><\/div><div class=\"fusion-title title fusion-title-17 fusion-sep-none fusion-title-center fusion-title-text fusion-title-size-three\" style=\"--awb-margin-bottom:6%;--awb-margin-top-small:0px;--awb-margin-right-small:0px;--awb-margin-bottom-small:20px;--awb-margin-left-small:0px;\"><h3 class=\"fusion-title-heading title-heading-center fusion-responsive-typography-calculated\" style=\"margin:0;--fontSize:20;--minFontSize:20;line-height:1.15;\">Planta baja<\/h3><\/div><div class=\"fusion-sep-clear\"><\/div><div class=\"fusion-separator fusion-full-width-sep\" style=\"margin-left: auto;margin-right: auto;margin-top:15px;margin-bottom:15px;width:100%;max-width:100%;\"><\/div><div class=\"fusion-sep-clear\"><\/div><div class=\"fusion-clearfix\"><\/div><\/div><\/div><div class=\"fusion-layout-column fusion_builder_column fusion-builder-column-19 fusion_builder_column_1_3 1_3 fusion-one-third fusion-column-last fusion-animated\" style=\"--awb-bg-size:cover;--awb-margin-bottom:0px;width:33.333333333333%;width:calc(33.333333333333% - ( ( 20px + 20px ) * 0.33333333333333 ) );\" data-animationType=\"fadeInUp\" data-animationDuration=\"1.0\" data-animationOffset=\"top-into-view\"><div class=\"fusion-column-wrapper fusion-column-has-shadow fusion-flex-column-wrapper-legacy\"><div class=\"fusion-image-element in-legacy-container\" style=\"--awb-caption-title-font-family:var(--h2_typography-font-family);--awb-caption-title-font-weight:var(--h2_typography-font-weight);--awb-caption-title-font-style:var(--h2_typography-font-style);--awb-caption-title-size:var(--h2_typography-font-size);--awb-caption-title-transform:var(--h2_typography-text-transform);--awb-caption-title-line-height:var(--h2_typography-line-height);--awb-caption-title-letter-spacing:var(--h2_typography-letter-spacing);\"><span class=\" fusion-imageframe imageframe-none imageframe-14 hover-type-none\"><img decoding=\"async\" width=\"560\" height=\"373\" alt=\"MALLORCA DESIGN VILLA - Grundriss Obergeschoss\" title=\"Plano de la planta superior | Mallorca Design Villa\" src=\"https:\/\/www.mallorca-design-villa.de\/wp-content\/uploads\/2020\/04\/grundrisse_obergeschoss_mallorca-design-villa.jpg\" class=\"img-responsive wp-image-4689\" srcset=\"https:\/\/www.mallorca-design-villa.de\/wp-content\/uploads\/2020\/04\/grundrisse_obergeschoss_mallorca-design-villa-200x133.jpg 200w, https:\/\/www.mallorca-design-villa.de\/wp-content\/uploads\/2020\/04\/grundrisse_obergeschoss_mallorca-design-villa-400x266.jpg 400w, https:\/\/www.mallorca-design-villa.de\/wp-content\/uploads\/2020\/04\/grundrisse_obergeschoss_mallorca-design-villa.jpg 560w\" sizes=\"(max-width: 1000px) 100vw, 560px\" \/><\/span><\/div><div class=\"fusion-sep-clear\"><\/div><div class=\"fusion-separator fusion-full-width-sep\" style=\"margin-left: auto;margin-right: auto;margin-top:15px;margin-bottom:15px;width:100%;max-width:100%;\"><\/div><div class=\"fusion-sep-clear\"><\/div><div class=\"fusion-title title fusion-title-18 fusion-sep-none fusion-title-center fusion-title-text fusion-title-size-three\" style=\"--awb-margin-bottom:6%;--awb-margin-top-small:0px;--awb-margin-right-small:0px;--awb-margin-bottom-small:20px;--awb-margin-left-small:0px;\"><h3 class=\"fusion-title-heading title-heading-center fusion-responsive-typography-calculated\" style=\"margin:0;--fontSize:20;--minFontSize:20;line-height:1.15;\">Planta superior<\/h3><\/div><div class=\"fusion-sep-clear\"><\/div><div class=\"fusion-separator fusion-full-width-sep\" style=\"margin-left: auto;margin-right: auto;margin-top:15px;margin-bottom:15px;width:100%;max-width:100%;\"><\/div><div class=\"fusion-sep-clear\"><\/div><div class=\"fusion-clearfix\"><\/div><\/div><\/div><div class=\"fusion-layout-column fusion_builder_column fusion-builder-column-20 fusion_builder_column_1_1 1_1 fusion-one-full fusion-column-first fusion-column-last\" style=\"--awb-padding-right:15%;--awb-padding-bottom:82px;--awb-padding-left:15%;--awb-bg-size:cover;--awb-margin-bottom:61px;\"><div class=\"fusion-column-wrapper fusion-column-has-shadow fusion-flex-column-wrapper-legacy\"><div class=\"fusion-button-wrapper fusion-aligncenter fusion-align-inline-medium\"><a class=\"fusion-button button-flat fusion-button-default-size button-custom fusion-button-default button-2 fusion-button-default-span fusion-button-default-type\" style=\"--button_accent_color:#000000;--button_border_color:#000000;--button_accent_hover_color:#ffffff;--button_border_hover_color:#ffffff;--button_gradient_top_color:#ffffff;--button_gradient_bottom_color:#ffffff;--button_gradient_top_color_hover:#000000;--button_gradient_bottom_color_hover:#000000;\" target=\"_self\" href=\"https:\/\/www.mallorca-design-villa.de\/es\/villa\/\"><span class=\"fusion-button-text awb-button__text awb-button__text--default\">VER GALER\u00cdA DE IM\u00c1GENES<\/span><\/a><\/div><div class=\"fusion-clearfix\"><\/div><\/div><\/div><div class=\"fusion-layout-column fusion_builder_column fusion-builder-column-21 fusion_builder_column_1_1 1_1 fusion-one-full fusion-column-first fusion-column-last\" style=\"--awb-bg-size:cover;--awb-margin-bottom:0%;\"><div class=\"fusion-column-wrapper fusion-column-has-shadow fusion-flex-column-wrapper-legacy\"><div class=\"fusion-clearfix\"><\/div><\/div><\/div><div class=\"fusion-layout-column fusion_builder_column fusion-builder-column-22 fusion_builder_column_1_3 1_3 fusion-one-third fusion-column-first\" style=\"--awb-bg-size:cover;width:33.333333333333%;width:calc(33.333333333333% - ( ( 4% + 4% ) * 0.33333333333333 ) );margin-right: 4%;\"><div class=\"fusion-column-wrapper fusion-column-has-shadow fusion-flex-column-wrapper-legacy\"><div class=\"fusion-image-element in-legacy-container\" style=\"--awb-caption-title-font-family:var(--h2_typography-font-family);--awb-caption-title-font-weight:var(--h2_typography-font-weight);--awb-caption-title-font-style:var(--h2_typography-font-style);--awb-caption-title-size:var(--h2_typography-font-size);--awb-caption-title-transform:var(--h2_typography-text-transform);--awb-caption-title-line-height:var(--h2_typography-line-height);--awb-caption-title-letter-spacing:var(--h2_typography-letter-spacing);\"><span class=\" fusion-imageframe imageframe-none imageframe-15 hover-type-none\"><img decoding=\"async\" width=\"2005\" height=\"2560\" alt=\"Perspectiva | Mallorca Design Villa\" title=\"Perspectiva | Mallorca Design Villa\" src=\"https:\/\/www.mallorca-design-villa.de\/wp-content\/uploads\/2026\/02\/Mallorca-Design-Villa_Aussicht_Nachbar_web-scaled.jpg\" class=\"img-responsive wp-image-4968\" srcset=\"https:\/\/www.mallorca-design-villa.de\/wp-content\/uploads\/2026\/02\/Mallorca-Design-Villa_Aussicht_Nachbar_web-200x255.jpg 200w, https:\/\/www.mallorca-design-villa.de\/wp-content\/uploads\/2026\/02\/Mallorca-Design-Villa_Aussicht_Nachbar_web-400x511.jpg 400w, https:\/\/www.mallorca-design-villa.de\/wp-content\/uploads\/2026\/02\/Mallorca-Design-Villa_Aussicht_Nachbar_web-600x766.jpg 600w, https:\/\/www.mallorca-design-villa.de\/wp-content\/uploads\/2026\/02\/Mallorca-Design-Villa_Aussicht_Nachbar_web-800x1022.jpg 800w, https:\/\/www.mallorca-design-villa.de\/wp-content\/uploads\/2026\/02\/Mallorca-Design-Villa_Aussicht_Nachbar_web-1200x1532.jpg 1200w, https:\/\/www.mallorca-design-villa.de\/wp-content\/uploads\/2026\/02\/Mallorca-Design-Villa_Aussicht_Nachbar_web-scaled.jpg 2005w\" sizes=\"(max-width: 1000px) 100vw, 600px\" \/><\/span><\/div><div class=\"fusion-clearfix\"><\/div><\/div><\/div><div class=\"fusion-layout-column fusion_builder_column fusion-builder-column-23 fusion_builder_column_1_3 1_3 fusion-one-third\" style=\"--awb-bg-size:cover;width:33.333333333333%;width:calc(33.333333333333% - ( ( 4% + 4% ) * 0.33333333333333 ) );margin-right: 4%;\"><div class=\"fusion-column-wrapper fusion-column-has-shadow fusion-flex-column-wrapper-legacy\"><div class=\"fusion-image-element in-legacy-container\" style=\"--awb-caption-title-font-family:var(--h2_typography-font-family);--awb-caption-title-font-weight:var(--h2_typography-font-weight);--awb-caption-title-font-style:var(--h2_typography-font-style);--awb-caption-title-size:var(--h2_typography-font-size);--awb-caption-title-transform:var(--h2_typography-text-transform);--awb-caption-title-line-height:var(--h2_typography-line-height);--awb-caption-title-letter-spacing:var(--h2_typography-letter-spacing);\"><span class=\" fusion-imageframe imageframe-none imageframe-16 hover-type-none\"><img decoding=\"async\" width=\"2005\" height=\"2560\" alt=\"Jard\u00edn | Mallorca Design Villa\" title=\"Jard\u00edn | Mallorca Design Villa\" src=\"https:\/\/www.mallorca-design-villa.de\/wp-content\/uploads\/2026\/02\/Mallorca-Design-Villa_Villa_Garten_Web-scaled.jpg\" class=\"img-responsive wp-image-4966\" srcset=\"https:\/\/www.mallorca-design-villa.de\/wp-content\/uploads\/2026\/02\/Mallorca-Design-Villa_Villa_Garten_Web-200x255.jpg 200w, https:\/\/www.mallorca-design-villa.de\/wp-content\/uploads\/2026\/02\/Mallorca-Design-Villa_Villa_Garten_Web-400x511.jpg 400w, https:\/\/www.mallorca-design-villa.de\/wp-content\/uploads\/2026\/02\/Mallorca-Design-Villa_Villa_Garten_Web-600x766.jpg 600w, https:\/\/www.mallorca-design-villa.de\/wp-content\/uploads\/2026\/02\/Mallorca-Design-Villa_Villa_Garten_Web-800x1022.jpg 800w, https:\/\/www.mallorca-design-villa.de\/wp-content\/uploads\/2026\/02\/Mallorca-Design-Villa_Villa_Garten_Web-1200x1532.jpg 1200w, https:\/\/www.mallorca-design-villa.de\/wp-content\/uploads\/2026\/02\/Mallorca-Design-Villa_Villa_Garten_Web-scaled.jpg 2005w\" sizes=\"(max-width: 1000px) 100vw, 600px\" \/><\/span><\/div><div class=\"fusion-clearfix\"><\/div><\/div><\/div><div class=\"fusion-layout-column fusion_builder_column fusion-builder-column-24 fusion_builder_column_1_3 1_3 fusion-one-third fusion-column-last\" style=\"--awb-bg-size:cover;width:33.333333333333%;width:calc(33.333333333333% - ( ( 4% + 4% ) * 0.33333333333333 ) );\"><div class=\"fusion-column-wrapper fusion-column-has-shadow fusion-flex-column-wrapper-legacy\"><div class=\"fusion-image-element in-legacy-container\" style=\"--awb-caption-title-font-family:var(--h2_typography-font-family);--awb-caption-title-font-weight:var(--h2_typography-font-weight);--awb-caption-title-font-style:var(--h2_typography-font-style);--awb-caption-title-size:var(--h2_typography-font-size);--awb-caption-title-transform:var(--h2_typography-text-transform);--awb-caption-title-line-height:var(--h2_typography-line-height);--awb-caption-title-letter-spacing:var(--h2_typography-letter-spacing);\"><span class=\" fusion-imageframe imageframe-none imageframe-17 hover-type-none\"><img decoding=\"async\" width=\"2005\" height=\"2560\" alt=\"Acceso al mar | Mallorca Design Villa\" title=\"Acceso al mar | Mallorca Design Villa\" src=\"https:\/\/www.mallorca-design-villa.de\/wp-content\/uploads\/2026\/02\/Mallorca-Design-Villa_Aussicht_Ausblick_web-scaled.jpg\" class=\"img-responsive wp-image-4970\" srcset=\"https:\/\/www.mallorca-design-villa.de\/wp-content\/uploads\/2026\/02\/Mallorca-Design-Villa_Aussicht_Ausblick_web-200x255.jpg 200w, https:\/\/www.mallorca-design-villa.de\/wp-content\/uploads\/2026\/02\/Mallorca-Design-Villa_Aussicht_Ausblick_web-400x511.jpg 400w, https:\/\/www.mallorca-design-villa.de\/wp-content\/uploads\/2026\/02\/Mallorca-Design-Villa_Aussicht_Ausblick_web-600x766.jpg 600w, https:\/\/www.mallorca-design-villa.de\/wp-content\/uploads\/2026\/02\/Mallorca-Design-Villa_Aussicht_Ausblick_web-800x1022.jpg 800w, https:\/\/www.mallorca-design-villa.de\/wp-content\/uploads\/2026\/02\/Mallorca-Design-Villa_Aussicht_Ausblick_web-1200x1532.jpg 1200w, https:\/\/www.mallorca-design-villa.de\/wp-content\/uploads\/2026\/02\/Mallorca-Design-Villa_Aussicht_Ausblick_web-scaled.jpg 2005w\" sizes=\"(max-width: 1000px) 100vw, 600px\" \/><\/span><\/div><div class=\"fusion-clearfix\"><\/div><\/div><\/div><div class=\"fusion-layout-column fusion_builder_column fusion-builder-column-25 fusion_builder_column_1_1 1_1 fusion-one-full fusion-column-first fusion-column-last fusion-no-large-visibility\" style=\"--awb-bg-size:cover;--awb-margin-bottom:0px;\"><div class=\"fusion-column-wrapper fusion-column-has-shadow fusion-flex-column-wrapper-legacy\"><div class=\"fusion-sep-clear\"><\/div><div class=\"fusion-separator fusion-no-large-visibility fusion-full-width-sep\" style=\"margin-left: auto;margin-right: auto;margin-bottom:50px;width:100%;max-width:100%;\"><\/div><div class=\"fusion-sep-clear\"><\/div><div class=\"fusion-clearfix\"><\/div><\/div><\/div><\/div><\/div><div class=\"fusion-fullwidth fullwidth-box fusion-builder-row-5 hundred-percent-fullwidth non-hundred-percent-height-scrolling fusion-equal-height-columns\" style=\"--awb-border-radius-top-left:0px;--awb-border-radius-top-right:0px;--awb-border-radius-bottom-right:0px;--awb-border-radius-bottom-left:0px;--awb-padding-top:0px;--awb-padding-right:0px;--awb-padding-bottom:0px;--awb-padding-left:0px;--awb-background-color:#030303;--awb-flex-wrap:wrap;\" ><div class=\"fusion-builder-row fusion-row\"><div class=\"fusion-layout-column fusion_builder_column fusion-builder-column-26 fusion_builder_column_2_5 2_5 fusion-two-fifth fusion-column-first fusion-animated\" style=\"--awb-padding-top:8%;--awb-padding-right:15%;--awb-padding-bottom:7%;--awb-padding-left:15%;--awb-bg-color:#030303;--awb-bg-color-hover:#030303;--awb-bg-size:cover;--awb-margin-bottom:0px;width:40%;width:calc(40% - ( ( 0% ) * 0.4 ) );margin-right: 0%;\" data-animationType=\"fadeInRight\" data-animationDuration=\"1.0\" data-animationOffset=\"top-into-view\"><div class=\"fusion-column-wrapper fusion-column-has-shadow fusion-flex-column-wrapper-legacy\"><div class=\"fusion-column-content-centered\"><div class=\"fusion-column-content\"><div class=\"fusion-builder-row fusion-builder-row-inner fusion-row\"><div class=\"fusion-layout-column fusion_builder_column_inner fusion-builder-nested-column-2 fusion_builder_column_inner_1_5 1_5 fusion-one-fifth fusion-column-first\" style=\"--awb-padding-right:35%;--awb-bg-size:cover;width:20%;width:calc(20% - ( ( 4% ) * 0.2 ) );margin-right: 4%;\"><div class=\"fusion-column-wrapper fusion-column-has-shadow fusion-flex-column-wrapper-legacy\"><div class=\"fusion-sep-clear\"><\/div><div class=\"fusion-separator fusion-clearfix\" style=\"float:left;margin-top:9px;width:100%;max-width:65px;\"><div class=\"fusion-separator-border sep-single sep-solid\" style=\"--awb-height:20px;--awb-amount:20px;--awb-sep-color:#d6d6d6;border-color:#d6d6d6;border-top-width:1px;\"><\/div><\/div><div class=\"fusion-sep-clear\"><\/div><div class=\"fusion-clearfix\"><\/div><\/div><\/div><div class=\"fusion-layout-column fusion_builder_column_inner fusion-builder-nested-column-3 fusion_builder_column_inner_4_5 4_5 fusion-four-fifth fusion-column-last\" style=\"--awb-bg-size:cover;width:80%;width:calc(80% - ( ( 4% ) * 0.8 ) );\"><div class=\"fusion-column-wrapper fusion-column-has-shadow fusion-flex-column-wrapper-legacy\"><div class=\"fusion-title title fusion-title-19 fusion-sep-none fusion-title-text fusion-title-size-six\" style=\"--awb-text-color:#d6d6d6;--awb-margin-bottom:11%;--awb-margin-top-small:0px;--awb-margin-right-small:0px;--awb-margin-bottom-small:20px;--awb-margin-left-small:0px;\"><h6 class=\"fusion-title-heading title-heading-left fusion-responsive-typography-calculated\" style=\"margin:0;--fontSize:14;--minFontSize:14;line-height:1.5;\">MALLORCA DESIGN VILLA<\/h6><\/div><div class=\"fusion-title title fusion-title-20 fusion-sep-none fusion-title-text fusion-title-size-two\" style=\"--awb-text-color:#ffffff;--awb-margin-top-small:0px;--awb-margin-right-small:0px;--awb-margin-bottom-small:20px;--awb-margin-left-small:0px;--awb-font-size:70px;\"><h2 class=\"fusion-title-heading title-heading-left fusion-responsive-typography-calculated\" style=\"margin:0;font-size:1em;--fontSize:70;line-height:1.2;\">La costa este de Mallorca<\/h2><\/div><div class=\"fusion-text fusion-text-5\"><p><span style=\"color: #ffffff;\">La villa est\u00e1 situada en una tranquila y exclusiva zona residencial de villas, donde tanto propietarios mallorquines como alemanes y brit\u00e1nicos disfrutan de sus vacaciones.<\/span><\/p>\n<\/div><div class=\"fusion-sep-clear\"><\/div><div class=\"fusion-separator fusion-full-width-sep\" style=\"margin-left: auto;margin-right: auto;margin-bottom:5%;width:100%;\"><\/div><div class=\"fusion-sep-clear\"><\/div><div class=\"fusion-button-wrapper fusion-align-inline-medium\"><a class=\"fusion-button button-flat fusion-button-default-size button-custom fusion-button-default button-3 fusion-button-default-span fusion-button-default-type\" style=\"--button_accent_color:#ffffff;--button_border_color:#ffffff;--button_accent_hover_color:#030303;--button_border_hover_color:#030303;--button_gradient_top_color:rgba(255,255,255,0);--button_gradient_bottom_color:rgba(255,255,255,0);--button_gradient_top_color_hover:#ffffff;--button_gradient_bottom_color_hover:#ffffff;\" target=\"_self\" href=\"https:\/\/www.mallorca-design-villa.de\/es\/ubicacion\/\"><span class=\"fusion-button-text awb-button__text awb-button__text--default\">DESCUBRA TODO LO QUE LE ESPERA<\/span><\/a><\/div><div class=\"fusion-clearfix\"><\/div><\/div><\/div><\/div><\/div><\/div><div class=\"fusion-clearfix\"><\/div><\/div><\/div><div class=\"fusion-layout-column fusion_builder_column fusion-builder-column-27 fusion_builder_column_3_5 3_5 fusion-three-fifth fusion-column-last fusion-animated\" style=\"--awb-bg-position:center top;--awb-bg-size:cover;--awb-margin-bottom:0px;width:60%;width:calc(60% - ( ( 0% ) * 0.6 ) );\" data-animationType=\"fadeIn\" data-animationDuration=\"1.0\" data-animationOffset=\"top-into-view\"><div class=\"fusion-column-wrapper fusion-column-has-shadow fusion-flex-column-wrapper-legacy\"><div class=\"fusion-video fusion-selfhosted-video\" style=\"max-width:100%;\"><div class=\"video-wrapper\"><video playsinline=\"true\" width=\"100%\" style=\"object-fit: cover;\" autoplay=\"true\" muted=\"true\" loop=\"true\" preload=\"auto\"><source src=\"https:\/\/www.mallorca-design-villa.de\/wp-content\/uploads\/2026\/07\/mallorca-design-villa.mp4\" type=\"video\/mp4\">Sorry, your browser doesn&#039;t support embedded videos.<\/video><\/div><\/div><div class=\"fusion-clearfix\"><\/div><\/div><\/div><\/div><\/div><div class=\"fusion-fullwidth fullwidth-box fusion-builder-row-6 nonhundred-percent-fullwidth non-hundred-percent-height-scrolling\" style=\"--awb-border-radius-top-left:0px;--awb-border-radius-top-right:0px;--awb-border-radius-bottom-right:0px;--awb-border-radius-bottom-left:0px;--awb-flex-wrap:wrap;\" ><div class=\"fusion-builder-row fusion-row\"><div class=\"fusion-layout-column fusion_builder_column fusion-builder-column-28 fusion_builder_column_1_1 1_1 fusion-one-full fusion-column-first fusion-column-last fusion-no-large-visibility\" style=\"--awb-bg-size:cover;--awb-margin-bottom:0px;\"><div class=\"fusion-column-wrapper fusion-column-has-shadow fusion-flex-column-wrapper-legacy\"><div class=\"fusion-sep-clear\"><\/div><div class=\"fusion-separator fusion-no-large-visibility fusion-full-width-sep\" style=\"margin-left: auto;margin-right: auto;margin-bottom:50px;width:100%;max-width:100%;\"><\/div><div class=\"fusion-sep-clear\"><\/div><div class=\"fusion-clearfix\"><\/div><\/div><\/div><div class=\"fusion-layout-column fusion_builder_column fusion-builder-column-29 fusion_builder_column_1_3 1_3 fusion-one-third fusion-column-first fusion-animated\" style=\"--awb-padding-bottom:5%;--awb-bg-size:cover;--awb-margin-bottom:0px;width:33.333333333333%;width:calc(33.333333333333% - ( ( 4% ) * 0.33333333333333 ) );margin-right: 4%;\" data-animationType=\"fadeInUp\" data-animationDuration=\"1.0\" data-animationOffset=\"top-into-view\"><div class=\"fusion-column-wrapper fusion-column-has-shadow fusion-flex-column-wrapper-legacy\"><div class=\"fusion-title title fusion-title-21 fusion-sep-none fusion-title-text fusion-title-size-two\" style=\"--awb-margin-bottom:40px;--awb-margin-top-small:0px;--awb-margin-right-small:0px;--awb-margin-bottom-small:20px;--awb-margin-left-small:0px;--awb-font-size:70px;\"><h2 class=\"fusion-title-heading title-heading-left fusion-responsive-typography-calculated\" style=\"margin:0;font-size:1em;--fontSize:70;line-height:1.2;\">CALENDARIO DE DISPONIBILIDAD<\/h2><\/div><div class=\"fusion-text fusion-text-6\"><p><b>AQU\u00cd ENCONTRAR\u00c1 EL CALENDARIO ACTUALIZADO DE OCUPACI\u00d3N DE NUESTRA VILLA.<\/b><\/p>\n<\/div><div class=\"fusion-sep-clear\"><\/div><div class=\"fusion-separator fusion-full-width-sep\" style=\"margin-left: auto;margin-right: auto;margin-bottom:5%;width:100%;\"><\/div><div class=\"fusion-sep-clear\"><\/div><div class=\"fusion-button-wrapper fusion-align-inline-medium\"><a class=\"fusion-button button-flat fusion-button-default-size button-custom fusion-button-default button-4 fusion-button-default-span fusion-button-default-type\" style=\"--button_accent_color:#000000;--button_border_color:#000000;--button_accent_hover_color:#ffffff;--button_border_hover_color:#ffffff;--button_gradient_top_color:#ffffff;--button_gradient_bottom_color:#ffffff;--button_gradient_top_color_hover:#000000;--button_gradient_bottom_color_hover:#000000;\" target=\"_blank\" rel=\"noopener noreferrer\" href=\"https:\/\/www.traum-ferienwohnungen.de\/226983\/\"><span class=\"fusion-button-text awb-button__text awb-button__text--default\">SIGA ESTE ENLACE<\/span><\/a><\/div><div class=\"fusion-sep-clear\"><\/div><div class=\"fusion-separator fusion-full-width-sep\" style=\"margin-left: auto;margin-right: auto;margin-bottom:10%;width:100%;\"><\/div><div class=\"fusion-sep-clear\"><\/div><div class=\"fusion-text fusion-text-7\"><p>A trav\u00e9s del portal podr\u00e1 enviar f\u00e1cilmente una solicitud de reserva y, posteriormente, formalizar la contrataci\u00f3n directamente con nosotros. Tambi\u00e9n estaremos encantados de atenderle en <strong><a href=\"&#x6d;a&#x69;&#108;&#x74;&#x6f;:&#x69;&#110;&#x66;&#x6f;&#64;&#x6d;&#97;&#x6c;&#x6c;o&#x72;&#99;&#x61;&#x2d;d&#x65;&#115;&#x69;&#x67;n&#x2d;&#118;&#x69;&#x6c;l&#x61;&#46;&#x64;&#x65;\">&#x69;&#x6e;&#x66;&#x6f;&#x40;&#x6d;&#x61;&#108;&#108;&#111;&#114;&#99;a-de&#x73;&#x69;&#x67;&#x6e;&#x2d;&#x76;&#x69;&#x6c;&#108;&#97;&#46;&#100;&#101;<\/a><\/strong>. Esperamos con ilusi\u00f3n su consulta.<\/p>\n<\/div><div class=\"fusion-clearfix\"><\/div><\/div><\/div><div class=\"fusion-layout-column fusion_builder_column fusion-builder-column-30 fusion_builder_column_2_3 2_3 fusion-two-third fusion-column-last fusion-column-no-min-height fusion-animated\" style=\"--awb-bg-size:cover;--awb-margin-bottom:0px;width:66.666666666667%;width:calc(66.666666666667% - ( ( 4% ) * 0.66666666666667 ) );\" data-animationType=\"fadeInUp\" data-animationDuration=\"0.6\" data-animationOffset=\"top-into-view\"><div class=\"fusion-column-wrapper fusion-column-has-shadow fusion-flex-column-wrapper-legacy\"><div id='traumfewo-calendar-226983' class=\"tfw-calendar-app\" data-base_url='www.traum-ferienwohnungen.de' data-language_id=\"1\" data-startMonth='0' data-numberOfMonths='6' data-listingid='226983'><a id='calendar-link-226983' href='https:\/\/traum-ferienwohnungen.de\/226983'>Design-Villa Cala Magrana auf traum-ferienwohnungen.de<\/a><\/div><script src=\"https:\/\/static2.traum-ferienwohnungen.de\/vmb-public\/cache\/js\/calendarWidget.js\" type='application\/javascript'><\/script><script type=\"application\/javascript\">function createWidget226983() {var calendarNode = document.getElementById('traumfewo-calendar-226983');var calendarWidget = new window.tfw.CalendarWidget(calendarNode); calendarWidget.throttle(\"resize\", \"optimizedResize\");window.addEventListener('resize', function() {calendarWidget.update();}, false);calendarWidget.init();}window.addEventListener(\"load\",function(event) {createWidget226983();},false);if(window.tfw && window.tfw.CalendarWidget){createWidget226983()}<\/script><div class=\"fusion-clearfix\"><\/div><\/div><\/div><div class=\"fusion-layout-column fusion_builder_column fusion-builder-column-31 fusion_builder_column_1_1 1_1 fusion-one-full fusion-column-first fusion-column-last fusion-no-large-visibility\" style=\"--awb-bg-size:cover;--awb-margin-bottom:0px;\"><div class=\"fusion-column-wrapper fusion-column-has-shadow fusion-flex-column-wrapper-legacy\"><div class=\"fusion-sep-clear\"><\/div><div class=\"fusion-separator fusion-no-large-visibility fusion-full-width-sep\" style=\"margin-left: auto;margin-right: auto;margin-bottom:50px;width:100%;max-width:100%;\"><\/div><div class=\"fusion-sep-clear\"><\/div><div class=\"fusion-clearfix\"><\/div><\/div><\/div><\/div><\/div><div class=\"fusion-fullwidth fullwidth-box fusion-builder-row-7 has-pattern-background has-mask-background nonhundred-percent-fullwidth non-hundred-percent-height-scrolling\" style=\"--awb-border-radius-top-left:0px;--awb-border-radius-top-right:0px;--awb-border-radius-bottom-right:0px;--awb-border-radius-bottom-left:0px;--awb-padding-bottom:0%;--awb-background-color:#f5f5f5;--awb-flex-wrap:wrap;\" ><div class=\"fusion-builder-row fusion-row\"><div class=\"fusion-layout-column fusion_builder_column fusion-builder-column-32 fusion_builder_column_1_1 1_1 fusion-one-full fusion-column-first fusion-column-last fusion-no-large-visibility\" style=\"--awb-bg-size:cover;--awb-margin-bottom:0px;\"><div class=\"fusion-column-wrapper fusion-column-has-shadow fusion-flex-column-wrapper-legacy\"><div class=\"fusion-sep-clear\"><\/div><div class=\"fusion-separator fusion-no-large-visibility fusion-full-width-sep\" style=\"margin-left: auto;margin-right: auto;margin-bottom:50px;width:100%;max-width:100%;\"><\/div><div class=\"fusion-sep-clear\"><\/div><div class=\"fusion-clearfix\"><\/div><\/div><\/div><div class=\"fusion-layout-column fusion_builder_column fusion-builder-column-33 fusion_builder_column_1_1 1_1 fusion-one-full fusion-column-first fusion-column-last\" style=\"--awb-padding-right:15%;--awb-padding-left:15%;--awb-bg-size:cover;--awb-margin-bottom:0px;\"><div class=\"fusion-column-wrapper fusion-column-has-shadow fusion-flex-column-wrapper-legacy\"><div class=\"fusion-title title fusion-title-22 fusion-sep-none fusion-title-center fusion-title-text fusion-title-size-two\" style=\"--awb-margin-top:50px;--awb-margin-bottom:40px;--awb-margin-top-small:0px;--awb-margin-right-small:0px;--awb-margin-bottom-small:20px;--awb-margin-left-small:0px;--awb-font-size:70px;\"><h2 class=\"fusion-title-heading title-heading-center fusion-responsive-typography-calculated\" style=\"margin:0;font-size:1em;--fontSize:70;line-height:1.2;\">Blog<\/h2><\/div><div class=\"fusion-sep-clear\"><\/div><div class=\"fusion-separator fusion-full-width-sep\" style=\"margin-left: auto;margin-right: auto;margin-top:15px;margin-bottom:15px;width:100%;max-width:100%;\"><\/div><div class=\"fusion-sep-clear\"><\/div><div class=\"fusion-clearfix\"><\/div><\/div><\/div><div class=\"fusion-layout-column fusion_builder_column fusion-builder-column-34 fusion_builder_column_1_1 1_1 fusion-one-full fusion-column-first fusion-column-last fusion-column-no-min-height fusion-animated\" style=\"--awb-bg-size:cover;--awb-margin-bottom:5%;\" data-animationType=\"fadeIn\" data-animationDuration=\"1.0\" data-animationOffset=\"top-into-view\"><div class=\"fusion-column-wrapper fusion-column-has-shadow fusion-flex-column-wrapper-legacy\"><div class=\"fusion-blog-shortcode fusion-blog-shortcode-1 fusion-blog-archive fusion-blog-layout-grid-wrapper fusion-blog-no fusion-blog-layout-center\"><style type=\"text\/css\">.fusion-blog-shortcode-1 .fusion-blog-layout-grid .fusion-post-grid{padding:20px;}.fusion-blog-shortcode-1 .fusion-posts-container{margin-left: -20px !important; margin-right:-20px !important;}<\/style><div class=\"fusion-posts-container fusion-posts-container-no fusion-blog-rollover fusion-blog-layout-grid fusion-blog-layout-grid-3 isotope fusion-blog-layout-masonry\" data-pages=\"2\" data-grid-col-space=\"40\" style=\"margin: -20px -20px 0;min-height:500px;\"><article class=\"fusion-post-grid fusion-post-masonry post fusion-grid-sizer\"><\/article><article id=\"blog-1-post-4855\" class=\"fusion-post-masonry fusion-post-grid fusion-element-portrait post-4855 post type-post status-publish format-standard has-post-thumbnail hentry category-consejos-y-recomendaciones\">\n<div class=\"fusion-post-wrapper fusion-masonary-is-transparent \" style=\"background-color:rgba(255,255,255,1);border:none;\"><div  class=\"fusion-masonry-element-container fusion-image-wrapper\" style=\"background-image:url(https:\/\/www.mallorca-design-villa.de\/wp-content\/uploads\/2026\/07\/es-pati-de-montuiri.jpg);padding-top:calc((100% + 40px) * 1.6);\" aria-haspopup=\"true\">\n\t\t\t\t<img decoding=\"async\" width=\"1746\" height=\"2000\" src=\"https:\/\/www.mallorca-design-villa.de\/wp-content\/uploads\/2026\/07\/es-pati-de-montuiri.jpg\" class=\"attachment-full size-full wp-post-image\" alt=\"\u00a9 ES \u2022 PATI de Montu\u00efri\" srcset=\"https:\/\/www.mallorca-design-villa.de\/wp-content\/uploads\/2026\/07\/es-pati-de-montuiri-200x229.jpg 200w, https:\/\/www.mallorca-design-villa.de\/wp-content\/uploads\/2026\/07\/es-pati-de-montuiri-400x458.jpg 400w, https:\/\/www.mallorca-design-villa.de\/wp-content\/uploads\/2026\/07\/es-pati-de-montuiri-600x687.jpg 600w, https:\/\/www.mallorca-design-villa.de\/wp-content\/uploads\/2026\/07\/es-pati-de-montuiri-800x916.jpg 800w, https:\/\/www.mallorca-design-villa.de\/wp-content\/uploads\/2026\/07\/es-pati-de-montuiri-1200x1375.jpg 1200w, https:\/\/www.mallorca-design-villa.de\/wp-content\/uploads\/2026\/07\/es-pati-de-montuiri.jpg 1746w\" sizes=\"(min-width: 2200px) 100vw, (min-width: 784px) 432px, (min-width: 712px) 648px, (min-width: 640px) 712px, \" \/><div class=\"fusion-rollover\">\n\t<div class=\"fusion-rollover-content\">\n\n\t\t\t\t\t\t\t\t\t\t\t\t\t\t<a class=\"fusion-rollover-link\" href=\"https:\/\/www.mallorca-design-villa.de\/es\/es-pati-de-montuiri\/\">ES \u2022 PATI de Montu\u00efri<\/a>\n\t\t\t\n\t\t\t\t\t\t\t\t\n\t\t\n\t\t\t\t\t\t\t\t\t\t\t\t<h4 class=\"fusion-rollover-title\">\n\t\t\t\t\t<a class=\"fusion-rollover-title-link\" href=\"https:\/\/www.mallorca-design-villa.de\/es\/es-pati-de-montuiri\/\">\n\t\t\t\t\t\tES \u2022 PATI de Montu\u00efri\t\t\t\t\t<\/a>\n\t\t\t\t<\/h4>\n\t\t\t\n\t\t\t\t\t\t\t\t\t\t<div class=\"fusion-rollover-categories\"><a href=\"https:\/\/www.mallorca-design-villa.de\/es\/category\/consejos-y-recomendaciones\/\" rel=\"tag\">Consejos y recomendaciones<\/a><\/div>\t\t\t\t\t\n\t\t\n\t\t\t\t\t\t<a class=\"fusion-link-wrapper\" href=\"https:\/\/www.mallorca-design-villa.de\/es\/es-pati-de-montuiri\/\" aria-label=\"ES \u2022 PATI de Montu\u00efri\"><\/a>\n\t<\/div>\n<\/div>\n<\/div>\n<div class=\"fusion-post-content-wrapper\" style=\"padding:30px 25px 20px 25px;background-color:rgba(255,255,255,1);\"><div class=\"fusion-post-content post-content\"><h2 class=\"blog-shortcode-post-title entry-title\"><a href=\"https:\/\/www.mallorca-design-villa.de\/es\/es-pati-de-montuiri\/\">ES \u2022 PATI de Montu\u00efri<\/a><\/h2><p class=\"fusion-single-line-meta\"><span class=\"vcard\" style=\"display: none;\"><span class=\"fn\"><a href=\"https:\/\/www.mallorca-design-villa.de\/es\/author\/wenzel\/\" rel=\"author\">wenzel<\/a><\/span><\/span><span class=\"updated\" style=\"display:none;\">2026-07-23T14:25:42+02:00<\/span><span>23. julio 2026<\/span><span class=\"fusion-inline-sep\">|<\/span><a href=\"https:\/\/www.mallorca-design-villa.de\/es\/category\/consejos-y-recomendaciones\/\" rel=\"category tag\">Consejos y recomendaciones<\/a><span class=\"fusion-inline-sep\">|<\/span><\/p><\/div><\/div><div class=\"fusion-clearfix\"><\/div><\/div>\n<\/article>\n<article id=\"blog-1-post-4846\" class=\"fusion-post-masonry fusion-post-grid fusion-element-portrait post-4846 post type-post status-publish format-standard has-post-thumbnail hentry category-consejos-y-recomendaciones\">\n<div class=\"fusion-post-wrapper fusion-masonary-is-transparent \" style=\"background-color:rgba(255,255,255,1);border:none;\"><div  class=\"fusion-masonry-element-container fusion-image-wrapper\" style=\"background-image:url(https:\/\/www.mallorca-design-villa.de\/wp-content\/uploads\/2026\/07\/Cala-Torta.jpg);padding-top:calc((100% + 40px) * 1.6);\" aria-haspopup=\"true\">\n\t\t\t\t<img decoding=\"async\" width=\"1746\" height=\"2000\" src=\"https:\/\/www.mallorca-design-villa.de\/wp-content\/uploads\/2026\/07\/Cala-Torta.jpg\" class=\"attachment-full size-full wp-post-image\" alt=\"Cala Torta, vista de la bah\u00eda desde el noroeste \u00a9 Olaf Tausch (CC BY 3.0)\" srcset=\"https:\/\/www.mallorca-design-villa.de\/wp-content\/uploads\/2026\/07\/Cala-Torta-200x229.jpg 200w, https:\/\/www.mallorca-design-villa.de\/wp-content\/uploads\/2026\/07\/Cala-Torta-400x458.jpg 400w, https:\/\/www.mallorca-design-villa.de\/wp-content\/uploads\/2026\/07\/Cala-Torta-600x687.jpg 600w, https:\/\/www.mallorca-design-villa.de\/wp-content\/uploads\/2026\/07\/Cala-Torta-800x916.jpg 800w, https:\/\/www.mallorca-design-villa.de\/wp-content\/uploads\/2026\/07\/Cala-Torta-1200x1375.jpg 1200w, https:\/\/www.mallorca-design-villa.de\/wp-content\/uploads\/2026\/07\/Cala-Torta.jpg 1746w\" sizes=\"(min-width: 2200px) 100vw, (min-width: 784px) 432px, (min-width: 712px) 648px, (min-width: 640px) 712px, \" \/><div class=\"fusion-rollover\">\n\t<div class=\"fusion-rollover-content\">\n\n\t\t\t\t\t\t\t\t\t\t\t\t\t\t<a class=\"fusion-rollover-link\" href=\"https:\/\/www.mallorca-design-villa.de\/es\/un-paraiso-de-playa-en-una-reserva-natural\/\">Un para\u00edso de playa en una reserva natural<\/a>\n\t\t\t\n\t\t\t\t\t\t\t\t\n\t\t\n\t\t\t\t\t\t\t\t\t\t\t\t<h4 class=\"fusion-rollover-title\">\n\t\t\t\t\t<a class=\"fusion-rollover-title-link\" href=\"https:\/\/www.mallorca-design-villa.de\/es\/un-paraiso-de-playa-en-una-reserva-natural\/\">\n\t\t\t\t\t\tUn para\u00edso de playa en una reserva natural\t\t\t\t\t<\/a>\n\t\t\t\t<\/h4>\n\t\t\t\n\t\t\t\t\t\t\t\t\t\t<div class=\"fusion-rollover-categories\"><a href=\"https:\/\/www.mallorca-design-villa.de\/es\/category\/consejos-y-recomendaciones\/\" rel=\"tag\">Consejos y recomendaciones<\/a><\/div>\t\t\t\t\t\n\t\t\n\t\t\t\t\t\t<a class=\"fusion-link-wrapper\" href=\"https:\/\/www.mallorca-design-villa.de\/es\/un-paraiso-de-playa-en-una-reserva-natural\/\" aria-label=\"Un para\u00edso de playa en una reserva natural\"><\/a>\n\t<\/div>\n<\/div>\n<\/div>\n<div class=\"fusion-post-content-wrapper\" style=\"padding:30px 25px 20px 25px;background-color:rgba(255,255,255,1);\"><div class=\"fusion-post-content post-content\"><h2 class=\"blog-shortcode-post-title entry-title\"><a href=\"https:\/\/www.mallorca-design-villa.de\/es\/un-paraiso-de-playa-en-una-reserva-natural\/\">Un para\u00edso de playa en una reserva natural<\/a><\/h2><p class=\"fusion-single-line-meta\"><span class=\"vcard\" style=\"display: none;\"><span class=\"fn\"><a href=\"https:\/\/www.mallorca-design-villa.de\/es\/author\/wenzel\/\" rel=\"author\">wenzel<\/a><\/span><\/span><span class=\"updated\" style=\"display:none;\">2026-07-23T14:19:10+02:00<\/span><span>23. julio 2026<\/span><span class=\"fusion-inline-sep\">|<\/span><a href=\"https:\/\/www.mallorca-design-villa.de\/es\/category\/consejos-y-recomendaciones\/\" rel=\"category tag\">Consejos y recomendaciones<\/a><span class=\"fusion-inline-sep\">|<\/span><\/p><\/div><\/div><div class=\"fusion-clearfix\"><\/div><\/div>\n<\/article>\n<article id=\"blog-1-post-4838\" class=\"fusion-post-masonry fusion-post-grid fusion-element-portrait post-4838 post type-post status-publish format-standard has-post-thumbnail hentry category-consejos-y-recomendaciones\">\n<div class=\"fusion-post-wrapper fusion-masonary-is-transparent \" style=\"background-color:rgba(255,255,255,1);border:none;\"><div  class=\"fusion-masonry-element-container fusion-image-wrapper\" style=\"background-image:url(https:\/\/www.mallorca-design-villa.de\/wp-content\/uploads\/2026\/07\/tomeu-caldentey_cuiner.jpg);padding-top:calc((100% + 40px) * 1.6);\" aria-haspopup=\"true\">\n\t\t\t\t<img decoding=\"async\" width=\"1746\" height=\"2000\" src=\"https:\/\/www.mallorca-design-villa.de\/wp-content\/uploads\/2026\/07\/tomeu-caldentey_cuiner.jpg\" class=\"attachment-full size-full wp-post-image\" alt=\"\u00a9 Tomeu Caldentey Cuiner\" srcset=\"https:\/\/www.mallorca-design-villa.de\/wp-content\/uploads\/2026\/07\/tomeu-caldentey_cuiner-200x229.jpg 200w, https:\/\/www.mallorca-design-villa.de\/wp-content\/uploads\/2026\/07\/tomeu-caldentey_cuiner-400x458.jpg 400w, https:\/\/www.mallorca-design-villa.de\/wp-content\/uploads\/2026\/07\/tomeu-caldentey_cuiner-600x687.jpg 600w, https:\/\/www.mallorca-design-villa.de\/wp-content\/uploads\/2026\/07\/tomeu-caldentey_cuiner-800x916.jpg 800w, https:\/\/www.mallorca-design-villa.de\/wp-content\/uploads\/2026\/07\/tomeu-caldentey_cuiner-1200x1375.jpg 1200w, https:\/\/www.mallorca-design-villa.de\/wp-content\/uploads\/2026\/07\/tomeu-caldentey_cuiner.jpg 1746w\" sizes=\"(min-width: 2200px) 100vw, (min-width: 784px) 432px, (min-width: 712px) 648px, (min-width: 640px) 712px, \" \/><div class=\"fusion-rollover\">\n\t<div class=\"fusion-rollover-content\">\n\n\t\t\t\t\t\t\t\t\t\t\t\t\t\t<a class=\"fusion-rollover-link\" href=\"https:\/\/www.mallorca-design-villa.de\/es\/tomeu-caldentey-cuiner\/\">tomeu caldentey CUINER<\/a>\n\t\t\t\n\t\t\t\t\t\t\t\t\n\t\t\n\t\t\t\t\t\t\t\t\t\t\t\t<h4 class=\"fusion-rollover-title\">\n\t\t\t\t\t<a class=\"fusion-rollover-title-link\" href=\"https:\/\/www.mallorca-design-villa.de\/es\/tomeu-caldentey-cuiner\/\">\n\t\t\t\t\t\ttomeu caldentey CUINER\t\t\t\t\t<\/a>\n\t\t\t\t<\/h4>\n\t\t\t\n\t\t\t\t\t\t\t\t\t\t<div class=\"fusion-rollover-categories\"><a href=\"https:\/\/www.mallorca-design-villa.de\/es\/category\/consejos-y-recomendaciones\/\" rel=\"tag\">Consejos y recomendaciones<\/a><\/div>\t\t\t\t\t\n\t\t\n\t\t\t\t\t\t<a class=\"fusion-link-wrapper\" href=\"https:\/\/www.mallorca-design-villa.de\/es\/tomeu-caldentey-cuiner\/\" aria-label=\"tomeu caldentey CUINER\"><\/a>\n\t<\/div>\n<\/div>\n<\/div>\n<div class=\"fusion-post-content-wrapper\" style=\"padding:30px 25px 20px 25px;background-color:rgba(255,255,255,1);\"><div class=\"fusion-post-content post-content\"><h2 class=\"blog-shortcode-post-title entry-title\"><a href=\"https:\/\/www.mallorca-design-villa.de\/es\/tomeu-caldentey-cuiner\/\">tomeu caldentey CUINER<\/a><\/h2><p class=\"fusion-single-line-meta\"><span class=\"vcard\" style=\"display: none;\"><span class=\"fn\"><a href=\"https:\/\/www.mallorca-design-villa.de\/es\/author\/wenzel\/\" rel=\"author\">wenzel<\/a><\/span><\/span><span class=\"updated\" style=\"display:none;\">2026-07-23T14:09:56+02:00<\/span><span>23. julio 2026<\/span><span class=\"fusion-inline-sep\">|<\/span><a href=\"https:\/\/www.mallorca-design-villa.de\/es\/category\/consejos-y-recomendaciones\/\" rel=\"category tag\">Consejos y recomendaciones<\/a><span class=\"fusion-inline-sep\">|<\/span><\/p><\/div><\/div><div class=\"fusion-clearfix\"><\/div><\/div>\n<\/article>\n<div class=\"fusion-clearfix\"><\/div><\/div><\/div><div class=\"fusion-clearfix\"><\/div><\/div><\/div><\/div><\/div><\/p>\n","protected":false},"excerpt":{"rendered":"","protected":false},"author":4,"featured_media":0,"parent":0,"menu_order":0,"comment_status":"closed","ping_status":"closed","template":"100-width.php","meta":{"footnotes":""},"class_list":["post-4664","page","type-page","status-publish","hentry"],"_links":{"self":[{"href":"https:\/\/www.mallorca-design-villa.de\/es\/wp-json\/wp\/v2\/pages\/4664","targetHints":{"allow":["GET"]}}],"collection":[{"href":"https:\/\/www.mallorca-design-villa.de\/es\/wp-json\/wp\/v2\/pages"}],"about":[{"href":"https:\/\/www.mallorca-design-villa.de\/es\/wp-json\/wp\/v2\/types\/page"}],"author":[{"embeddable":true,"href":"https:\/\/www.mallorca-design-villa.de\/es\/wp-json\/wp\/v2\/users\/4"}],"replies":[{"embeddable":true,"href":"https:\/\/www.mallorca-design-villa.de\/es\/wp-json\/wp\/v2\/comments?post=4664"}],"version-history":[{"count":5,"href":"https:\/\/www.mallorca-design-villa.de\/es\/wp-json\/wp\/v2\/pages\/4664\/revisions"}],"predecessor-version":[{"id":5038,"href":"https:\/\/www.mallorca-design-villa.de\/es\/wp-json\/wp\/v2\/pages\/4664\/revisions\/5038"}],"wp:attachment":[{"href":"https:\/\/www.mallorca-design-villa.de\/es\/wp-json\/wp\/v2\/media?parent=4664"}],"curies":[{"name":"wp","href":"https:\/\/api.w.org\/{rel}","templated":true}]}}